{"id":346,"date":"2024-01-17T18:32:42","date_gmt":"2024-01-17T17:32:42","guid":{"rendered":"https:\/\/groupe-bader.2ds.ch\/?page_id=346"},"modified":"2024-02-15T13:45:10","modified_gmt":"2024-02-15T12:45:10","slug":"politique-de-confidentialite","status":"publish","type":"page","link":"https:\/\/groupe-bader.ch\/de\/politique-de-confidentialite\/","title":{"rendered":"Datenschutzrichtlinie"},"content":{"rendered":"<div data-elementor-type=\"wp-page\" data-elementor-id=\"346\" class=\"elementor elementor-346\" data-elementor-post-type=\"page\">\n\t\t\t\t<div class=\"elementor-element elementor-element-27f21909 e-flex e-con-boxed e-con e-parent\" data-id=\"27f21909\" data-element_type=\"container\" data-e-type=\"container\">\n\t\t\t\t\t<div class=\"e-con-inner\">\n\t\t\t\t<div class=\"elementor-element elementor-element-68157adb elementor-widget elementor-widget-text-editor\" data-id=\"68157adb\" data-element_type=\"widget\" data-e-type=\"widget\" data-widget_type=\"text-editor.default\">\n\t\t\t\t<div class=\"elementor-widget-container\">\n\t\t\t\t\t\t\t\t\t\n<p><strong>Datenschutzrichtlinie\u00a0<\/strong><\/p>\n\n<p><strong>Einf\u00fchrung<\/strong><\/p>\n\n<p>Willkommen auf unserer Website <a href=\"https:\/\/groupe-bader.ch\/de\/\">https:\/\/groupe-bader.ch<\/a>. Um die Privatsph\u00e4re unserer Nutzer zu respektieren und zu sch\u00fctzen, haben wir diese Datenschutzrichtlinie in \u00dcbereinstimmung mit dem Schweizerischen Bundesgesetz \u00fcber den Datenschutz (nBDSG) erstellt. Diese Richtlinie erkl\u00e4rt unsere Verpflichtung, Ihre pers\u00f6nlichen Daten auf verantwortungsvolle und transparente Weise zu behandeln.<\/p>\n\n<p><strong>Erhebung von Daten<\/strong><\/p>\n\n<ul class=\"wp-block-list\">\n<li>Kommentare: Wenn Sie einen Kommentar hinterlassen, sammeln wir die Formulardaten, Ihre IP-Adresse und den User Agent Ihres Browsers, um unerw\u00fcnschte Kommentare zu erkennen. Bei Gravatar wird eine anonymisierte Zeichenfolge (Hash) Ihrer E-Mail verwendet, um zu sehen, ob Sie diesen Dienst nutzen. Ihr Gravatar-Profilbild ist nach der Best\u00e4tigung neben Ihrem Kommentar \u00f6ffentlich sichtbar.<\/li>\n\n<li>Medien: Wenn Sie Bilder hochladen, vermeiden Sie solche mit EXIF-Daten von GPS-Koordinaten. Besucher k\u00f6nnten aus diesen Bildern Standortdaten extrahieren.<\/li>\n\n<li>Cookies: Wenn Sie einen Kommentar hinterlassen, k\u00f6nnen Sie Ihren Namen, Ihre E-Mail-Adresse und Ihre Website zu Ihrer Bequemlichkeit in Cookies speichern. Anmelde-Cookies halten zwei Tage und Cookies f\u00fcr Bildschirmoptionen ein Jahr lang. Wenn Sie \"An mich erinnern\" ausw\u00e4hlen, h\u00e4lt Ihr Anmelde-Cookie zwei Wochen lang. Bei der Ver\u00f6ffentlichung wird ein tempor\u00e4res Cookie ohne personenbezogene Daten erstellt.<\/li>\n\n<li>Eingebettete Inhalte: Artikel k\u00f6nnen eingebettete Inhalte von anderen Websites enthalten, die sich so verhalten, als w\u00fcrden Sie diese Websites direkt besuchen. Diese Websites k\u00f6nnen Daten \u00fcber Sie sammeln, Cookies verwenden und Tracking-Tools einbetten.<\/li>\n<\/ul>\n\n<p><strong>Nutzung und \u00dcbermittlung Ihrer Pers\u00f6nlichen Daten<\/strong><\/p>\n\n<ul class=\"wp-block-list\">\n<li>Ihre IP-Adresse ist in der E-Mail zum Zur\u00fccksetzen des Passworts enthalten.<\/li>\n\n<li>Speicherdauer: Kommentare und ihre Metadaten werden auf unbestimmte Zeit aufbewahrt, um nachfolgende Kommentare automatisch zu erkennen und zu genehmigen. Die Daten von Benutzerkonten werden so lange gespeichert, wie das Konto aktiv ist. Sie k\u00f6nnen Ihre Daten jederzeit einsehen, \u00e4ndern oder l\u00f6schen (au\u00dfer Ihrem Benutzernamen).<\/li>\n<\/ul>\n\n<p><strong>Ihre Rechte in Bezug auf Ihre Daten<\/strong><\/p>\n\n<p>Sie k\u00f6nnen eine exportierte Datei Ihrer bei uns gespeicherten personenbezogenen Daten anfordern, einschlie\u00dflich der Daten, die Sie zur Verf\u00fcgung gestellt haben. Sie k\u00f6nnen auch die L\u00f6schung Ihrer personenbezogenen Daten verlangen, mit Ausnahme der Daten, die aufgrund von gesetzlichen, sicherheitsrelevanten oder administrativen Verpflichtungen aufbewahrt werden.<\/p>\n\n<p><strong>\u00dcbermittlung von Daten<\/strong><\/p>\n\n<p>Kommentare k\u00f6nnen \u00fcber einen automatisierten Dienst zur Erkennung unerw\u00fcnschter Kommentare \u00fcberpr\u00fcft werden.<\/p>\n\n<p><strong>Sicherheit der Daten<\/strong><\/p>\n\n<p>Wir ergreifen technische und organisatorische Ma\u00dfnahmen, um die Sicherheit Ihrer Daten zu gew\u00e4hrleisten.<\/p>\n\n<p><strong>\u00c4nderung dieser Richtlinie<\/strong><\/p>\n\n<p>Wir k\u00f6nnen diese Richtlinie aktualisieren, um \u00c4nderungen in unseren Praktiken oder aus anderen betrieblichen, rechtlichen oder regulatorischen Gr\u00fcnden widerzuspiegeln.<\/p>\n\n<p><strong>Kontakt<\/strong><\/p>\n\n<p>Wenn Sie Fragen zu dieser Richtlinie haben, kontaktieren Sie uns bitte unter <a href=\"mailto:info@groupe-bader.ch\">info@groupe-bader.ch<\/a>\/<a href=\"tel:+41 21 652 03 09\"><span class=\"elementor-icon-list-text\">+41 21 652 03 09<\/span><\/a>.<\/p>\n\t\t\t\t\t\t\t\t<\/div>\n\t\t\t\t<\/div>\n\t\t\t\t\t<\/div>\n\t\t\t\t<\/div>\n\t\t\t\t<\/div>","protected":false},"excerpt":{"rendered":"<p>Politique de Confidentialit\u00e9\u00a0 Introduction Bienvenue sur notre site https:\/\/groupe-bader.ch. Dans le souci de respecter et de prot\u00e9ger la vie priv\u00e9e de nos utilisateurs, nous avons \u00e9labor\u00e9 cette politique de confidentialit\u00e9 en conformit\u00e9 avec la loi f\u00e9d\u00e9rale suisse sur la protection des donn\u00e9es (nLPD). Cette politique explicite notre engagement \u00e0 traiter vos donn\u00e9es personnelles de mani\u00e8re [&hellip;]<\/p>\n","protected":false},"author":4,"featured_media":0,"parent":0,"menu_order":0,"comment_status":"closed","ping_status":"closed","template":"","meta":{"_acf_changed":false,"site-sidebar-layout":"default","site-content-layout":"","ast-site-content-layout":"default","site-content-style":"default","site-sidebar-style":"default","ast-global-header-display":"","ast-banner-title-visibility":"","ast-main-header-display":"","ast-hfb-above-header-display":"","ast-hfb-below-header-display":"","ast-hfb-mobile-header-display":"","site-post-title":"disabled","ast-breadcrumbs-content":"","ast-featured-img":"","footer-sml-layout":"","ast-disable-related-posts":"","theme-transparent-header-meta":"enabled","adv-header-id-meta":"","stick-header-meta":"","header-above-stick-meta":"","header-main-stick-meta":"","header-below-stick-meta":"","astra-migrate-meta-layouts":"set","ast-page-background-enabled":"default","ast-page-background-meta":{"desktop":{"background-color":"var(--ast-global-color-4)","background-image":"","background-repeat":"repeat","background-position":"center center","background-size":"auto","background-attachment":"scroll","background-type":"","background-media":"","overlay-type":"","overlay-color":"","overlay-opacity":"","overlay-gradient":""},"tablet":{"background-color":"","background-image":"","background-repeat":"repeat","background-position":"center center","background-size":"auto","background-attachment":"scroll","background-type":"","background-media":"","overlay-type":"","overlay-color":"","overlay-opacity":"","overlay-gradient":""},"mobile":{"background-color":"","background-image":"","background-repeat":"repeat","background-position":"center center","background-size":"auto","background-attachment":"scroll","background-type":"","background-media":"","overlay-type":"","overlay-color":"","overlay-opacity":"","overlay-gradient":""}},"ast-content-background-meta":{"desktop":{"background-color":"var(--ast-global-color-5)","background-image":"","background-repeat":"repeat","background-position":"center center","background-size":"auto","background-attachment":"scroll","background-type":"","background-media":"","overlay-type":"","overlay-color":"","overlay-opacity":"","overlay-gradient":""},"tablet":{"background-color":"var(--ast-global-color-5)","background-image":"","background-repeat":"repeat","background-position":"center center","background-size":"auto","background-attachment":"scroll","background-type":"","background-media":"","overlay-type":"","overlay-color":"","overlay-opacity":"","overlay-gradient":""},"mobile":{"background-color":"var(--ast-global-color-5)","background-image":"","background-repeat":"repeat","background-position":"center center","background-size":"auto","background-attachment":"scroll","background-type":"","background-media":"","overlay-type":"","overlay-color":"","overlay-opacity":"","overlay-gradient":""}},"footnotes":""},"class_list":["post-346","page","type-page","status-publish","hentry"],"acf":[],"yoast_head":"<!-- This site is optimized with the Yoast SEO plugin v27.5 - https:\/\/yoast.com\/product\/yoast-seo-wordpress\/ -->\n<title>Politique de confidentialit\u00e9 - Groupe Bader SA<\/title>\n<meta name=\"robots\" content=\"index, follow, max-snippet:-1, max-image-preview:large, max-video-preview:-1\" \/>\n<link rel=\"canonical\" href=\"https:\/\/groupe-bader.ch\/de\/politique-de-confidentialite\/\" \/>\n<meta property=\"og:locale\" content=\"de_DE\" \/>\n<meta property=\"og:type\" content=\"article\" \/>\n<meta property=\"og:title\" content=\"Politique de confidentialit\u00e9 - Groupe Bader SA\" \/>\n<meta property=\"og:description\" content=\"Politique de Confidentialit\u00e9\u00a0 Introduction Bienvenue sur notre site https:\/\/groupe-bader.ch. Dans le souci de respecter et de prot\u00e9ger la vie priv\u00e9e de nos utilisateurs, nous avons \u00e9labor\u00e9 cette politique de confidentialit\u00e9 en conformit\u00e9 avec la loi f\u00e9d\u00e9rale suisse sur la protection des donn\u00e9es (nLPD). Cette politique explicite notre engagement \u00e0 traiter vos donn\u00e9es personnelles de mani\u00e8re [&hellip;]\" \/>\n<meta property=\"og:url\" content=\"https:\/\/groupe-bader.ch\/de\/politique-de-confidentialite\/\" \/>\n<meta property=\"og:site_name\" content=\"Groupe Bader SA\" \/>\n<meta property=\"article:modified_time\" content=\"2024-02-15T12:45:10+00:00\" \/>\n<meta name=\"twitter:card\" content=\"summary_large_image\" \/>\n<meta name=\"twitter:label1\" content=\"Gesch\u00e4tzte Lesezeit\" \/>\n\t<meta name=\"twitter:data1\" content=\"3\u00a0Minuten\" \/>\n<script type=\"application\/ld+json\" class=\"yoast-schema-graph\">{\"@context\":\"https:\\\/\\\/schema.org\",\"@graph\":[{\"@type\":\"WebPage\",\"@id\":\"https:\\\/\\\/groupe-bader.ch\\\/politique-de-confidentialite\\\/\",\"url\":\"https:\\\/\\\/groupe-bader.ch\\\/politique-de-confidentialite\\\/\",\"name\":\"Politique de confidentialit\u00e9 - Groupe Bader SA\",\"isPartOf\":{\"@id\":\"https:\\\/\\\/groupe-bader.ch\\\/#website\"},\"datePublished\":\"2024-01-17T17:32:42+00:00\",\"dateModified\":\"2024-02-15T12:45:10+00:00\",\"breadcrumb\":{\"@id\":\"https:\\\/\\\/groupe-bader.ch\\\/politique-de-confidentialite\\\/#breadcrumb\"},\"inLanguage\":\"de\",\"potentialAction\":[{\"@type\":\"ReadAction\",\"target\":[\"https:\\\/\\\/groupe-bader.ch\\\/politique-de-confidentialite\\\/\"]}]},{\"@type\":\"BreadcrumbList\",\"@id\":\"https:\\\/\\\/groupe-bader.ch\\\/politique-de-confidentialite\\\/#breadcrumb\",\"itemListElement\":[{\"@type\":\"ListItem\",\"position\":1,\"name\":\"Accueil\",\"item\":\"https:\\\/\\\/groupe-bader.ch\\\/\"},{\"@type\":\"ListItem\",\"position\":2,\"name\":\"Politique de confidentialit\u00e9\"}]},{\"@type\":\"WebSite\",\"@id\":\"https:\\\/\\\/groupe-bader.ch\\\/#website\",\"url\":\"https:\\\/\\\/groupe-bader.ch\\\/\",\"name\":\"Groupe Bader SA\",\"description\":\"\",\"publisher\":{\"@id\":\"https:\\\/\\\/groupe-bader.ch\\\/#organization\"},\"potentialAction\":[{\"@type\":\"SearchAction\",\"target\":{\"@type\":\"EntryPoint\",\"urlTemplate\":\"https:\\\/\\\/groupe-bader.ch\\\/?s={search_term_string}\"},\"query-input\":{\"@type\":\"PropertyValueSpecification\",\"valueRequired\":true,\"valueName\":\"search_term_string\"}}],\"inLanguage\":\"de\"},{\"@type\":\"Organization\",\"@id\":\"https:\\\/\\\/groupe-bader.ch\\\/#organization\",\"name\":\"Groupe Bader SA\",\"url\":\"https:\\\/\\\/groupe-bader.ch\\\/\",\"logo\":{\"@type\":\"ImageObject\",\"inLanguage\":\"de\",\"@id\":\"https:\\\/\\\/groupe-bader.ch\\\/#\\\/schema\\\/logo\\\/image\\\/\",\"url\":\"https:\\\/\\\/groupe-bader.ch\\\/wp-content\\\/uploads\\\/2024\\\/02\\\/logo_blanc.svg\",\"contentUrl\":\"https:\\\/\\\/groupe-bader.ch\\\/wp-content\\\/uploads\\\/2024\\\/02\\\/logo_blanc.svg\",\"caption\":\"Groupe Bader SA\"},\"image\":{\"@id\":\"https:\\\/\\\/groupe-bader.ch\\\/#\\\/schema\\\/logo\\\/image\\\/\"}}]}<\/script>\n<!-- \/ Yoast SEO plugin. -->","yoast_head_json":{"title":"Politique de confidentialit\u00e9 - Groupe Bader SA","robots":{"index":"index","follow":"follow","max-snippet":"max-snippet:-1","max-image-preview":"max-image-preview:large","max-video-preview":"max-video-preview:-1"},"canonical":"https:\/\/groupe-bader.ch\/de\/politique-de-confidentialite\/","og_locale":"de_DE","og_type":"article","og_title":"Politique de confidentialit\u00e9 - Groupe Bader SA","og_description":"Politique de Confidentialit\u00e9\u00a0 Introduction Bienvenue sur notre site https:\/\/groupe-bader.ch. Dans le souci de respecter et de prot\u00e9ger la vie priv\u00e9e de nos utilisateurs, nous avons \u00e9labor\u00e9 cette politique de confidentialit\u00e9 en conformit\u00e9 avec la loi f\u00e9d\u00e9rale suisse sur la protection des donn\u00e9es (nLPD). Cette politique explicite notre engagement \u00e0 traiter vos donn\u00e9es personnelles de mani\u00e8re [&hellip;]","og_url":"https:\/\/groupe-bader.ch\/de\/politique-de-confidentialite\/","og_site_name":"Groupe Bader SA","article_modified_time":"2024-02-15T12:45:10+00:00","twitter_card":"summary_large_image","twitter_misc":{"Gesch\u00e4tzte Lesezeit":"3\u00a0Minuten"},"schema":{"@context":"https:\/\/schema.org","@graph":[{"@type":"WebPage","@id":"https:\/\/groupe-bader.ch\/politique-de-confidentialite\/","url":"https:\/\/groupe-bader.ch\/politique-de-confidentialite\/","name":"Politique de confidentialit\u00e9 - Groupe Bader SA","isPartOf":{"@id":"https:\/\/groupe-bader.ch\/#website"},"datePublished":"2024-01-17T17:32:42+00:00","dateModified":"2024-02-15T12:45:10+00:00","breadcrumb":{"@id":"https:\/\/groupe-bader.ch\/politique-de-confidentialite\/#breadcrumb"},"inLanguage":"de","potentialAction":[{"@type":"ReadAction","target":["https:\/\/groupe-bader.ch\/politique-de-confidentialite\/"]}]},{"@type":"BreadcrumbList","@id":"https:\/\/groupe-bader.ch\/politique-de-confidentialite\/#breadcrumb","itemListElement":[{"@type":"ListItem","position":1,"name":"Accueil","item":"https:\/\/groupe-bader.ch\/"},{"@type":"ListItem","position":2,"name":"Politique de confidentialit\u00e9"}]},{"@type":"WebSite","@id":"https:\/\/groupe-bader.ch\/#website","url":"https:\/\/groupe-bader.ch\/","name":"Gruppe Bader SA","description":"","publisher":{"@id":"https:\/\/groupe-bader.ch\/#organization"},"potentialAction":[{"@type":"SearchAction","target":{"@type":"EntryPoint","urlTemplate":"https:\/\/groupe-bader.ch\/?s={search_term_string}"},"query-input":{"@type":"PropertyValueSpecification","valueRequired":true,"valueName":"search_term_string"}}],"inLanguage":"de"},{"@type":"Organization","@id":"https:\/\/groupe-bader.ch\/#organization","name":"Gruppe Bader SA","url":"https:\/\/groupe-bader.ch\/","logo":{"@type":"ImageObject","inLanguage":"de","@id":"https:\/\/groupe-bader.ch\/#\/schema\/logo\/image\/","url":"https:\/\/groupe-bader.ch\/wp-content\/uploads\/2024\/02\/logo_blanc.svg","contentUrl":"https:\/\/groupe-bader.ch\/wp-content\/uploads\/2024\/02\/logo_blanc.svg","caption":"Groupe Bader SA"},"image":{"@id":"https:\/\/groupe-bader.ch\/#\/schema\/logo\/image\/"}}]}},"_links":{"self":[{"href":"https:\/\/groupe-bader.ch\/de\/wp-json\/wp\/v2\/pages\/346","targetHints":{"allow":["GET"]}}],"collection":[{"href":"https:\/\/groupe-bader.ch\/de\/wp-json\/wp\/v2\/pages"}],"about":[{"href":"https:\/\/groupe-bader.ch\/de\/wp-json\/wp\/v2\/types\/page"}],"author":[{"embeddable":true,"href":"https:\/\/groupe-bader.ch\/de\/wp-json\/wp\/v2\/users\/4"}],"replies":[{"embeddable":true,"href":"https:\/\/groupe-bader.ch\/de\/wp-json\/wp\/v2\/comments?post=346"}],"version-history":[{"count":49,"href":"https:\/\/groupe-bader.ch\/de\/wp-json\/wp\/v2\/pages\/346\/revisions"}],"predecessor-version":[{"id":3003,"href":"https:\/\/groupe-bader.ch\/de\/wp-json\/wp\/v2\/pages\/346\/revisions\/3003"}],"wp:attachment":[{"href":"https:\/\/groupe-bader.ch\/de\/wp-json\/wp\/v2\/media?parent=346"}],"curies":[{"name":"wp","href":"https:\/\/api.w.org\/{rel}","templated":true}]}}