{"id":349,"date":"2024-01-17T18:33:30","date_gmt":"2024-01-17T17:33:30","guid":{"rendered":"https:\/\/groupe-bader.2ds.ch\/?page_id=349"},"modified":"2024-02-15T13:48:14","modified_gmt":"2024-02-15T12:48:14","slug":"mentions-legales","status":"publish","type":"page","link":"https:\/\/groupe-bader.ch\/de\/mentions-legales\/","title":{"rendered":"Impressum"},"content":{"rendered":"\t\t<div data-elementor-type=\"wp-page\" data-elementor-id=\"349\" class=\"elementor elementor-349\" data-elementor-post-type=\"page\">\n\t\t\t\t<div class=\"elementor-element elementor-element-42f7a0a8 e-flex e-con-boxed e-con e-parent\" data-id=\"42f7a0a8\" data-element_type=\"container\" data-e-type=\"container\">\n\t\t\t\t\t<div class=\"e-con-inner\">\n\t\t\t\t<div class=\"elementor-element elementor-element-6a73b811 elementor-widget elementor-widget-text-editor\" data-id=\"6a73b811\" data-element_type=\"widget\" data-e-type=\"widget\" data-widget_type=\"text-editor.default\">\n\t\t\t\t<div class=\"elementor-widget-container\">\n\t\t\t\t\t\t\t\t\t\n<p><strong>Mentions l\u00e9gales<\/strong><\/p>\n\n<p><strong>\u00c9diteur du site<\/strong><\/p>\n\n<ul class=\"wp-block-list\">\n<li>Nom : Groupe Bader SA<\/li>\n\n<li>Adresse : <a href=\"https:\/\/www.google.com\/maps\/place\/Groupe+Bader\/@46.5754981,6.6300816,17z\/data=!3m1!4b1!4m6!3m5!1s0x478c2d6349365733:0xefc31845fc52678!8m2!3d46.5754981!4d6.6326565!16s%2Fg%2F11t3btzld4?entry=ttu\">Chemin de Budron G 1, 1052 Le<\/a> Mont-sur-Lausanne<\/li>\n\n<li>T\u00e9l\u00e9phone : <a href=\"tel:+41 21 652 03 09\">+41 21 652 03 09<\/a><\/li>\n\n<li>Email :\u00a0<a href=\"mailto:info@groupe-bader.ch\">info@groupe-bader.ch<\/a><\/li>\n\n<li>Num\u00e9ro IDE au registre du commerce : CHE-494.035.137<\/li>\n<\/ul>\n\n<p><strong>Directeur de la publication<\/strong><\/p>\n\n<p>Emilie Herren<\/p>\n\n<p><strong>H\u00e9bergeur du site<\/strong><\/p>\n\n<p>2DS SA<\/p>\n\n<p>Site web : https:\/\/2ds.ch<\/p>\n\n<p><strong>Conditions d\u2019utilisation<\/strong><\/p>\n\n<p>L&rsquo;utilisation de ce site est soumise au respect des conditions g\u00e9n\u00e9rales d&rsquo;utilisation, disponibles sur notre site, et \u00e0 respecter par tout utilisateur.<\/p>\n\n<p><strong>Propri\u00e9t\u00e9 intellectuelle<\/strong><\/p>\n\n<p>Les \u00e9l\u00e9ments contenus dans le site (textes, logos, images, etc.) sont prot\u00e9g\u00e9s par le droit d&rsquo;auteur et sont la propri\u00e9t\u00e9 exclusive du Groupe Bader SA. Toute reproduction ou repr\u00e9sentation totale ou partielle sans l\u2019autorisation expresse du Groupe Bader SA est interdite et susceptible de constituer une contrefa\u00e7on sanctionn\u00e9e par la loi.<\/p>\n\n<p><strong>Protection des donn\u00e9es personnelles<\/strong><\/p>\n\n<ul class=\"wp-block-list\">\n<li>Groupe Bader SA s&rsquo;engage \u00e0 prot\u00e9ger la confidentialit\u00e9 des informations personnelles fournies en ligne par les utilisateurs. Les informations personnelles que vous pourriez transmettre au Groupe Bader SA pour l&rsquo;utilisation de certains services sont trait\u00e9es avec respect et protection, conform\u00e9ment aux dispositions de la Loi F\u00e9d\u00e9rale sur la Protection des Donn\u00e9es Personnelles (LPD).<\/li>\n\n<li>En tant qu&rsquo;utilisateur, vous avez le droit d&rsquo;acc\u00e9der \u00e0 vos donn\u00e9es personnelles, de demander leur rectification, leur mise \u00e0 jour, ou leur suppression. Pour exercer ces droits, ou pour toute question relative \u00e0 la gestion de vos donn\u00e9es personnelles, veuillez contacter notre responsable de la protection des donn\u00e9es \u00e0\u00a0<a href=\"mailto:info@groupe-bader.ch\">info@groupe-bader.ch<\/a>.<\/li>\n\n<li>Pour plus d&rsquo;informations sur notre politique de confidentialit\u00e9 et les mesures que nous prenons pour prot\u00e9ger vos donn\u00e9es, veuillez consulter notre [Politique de Confidentialit\u00e9].<\/li>\n<\/ul>\n\n<p><strong>Liens hypertextes<\/strong><\/p>\n\n<ul class=\"wp-block-list\">\n<li>La cr\u00e9ation de liens hypertextes vers notre site doit faire l&rsquo;objet d&rsquo;une autorisation pr\u00e9alable du directeur de la publication.<\/li>\n\n<li>Les liens hypertextes \u00e9tablis en direction d&rsquo;autres sites \u00e0 partir du Groupe Bader SA ne sauraient, en aucun cas, engager notre responsabilit\u00e9.<\/li>\n<\/ul>\n\n<p><strong>Version<\/strong><\/p>\n\n<p>Cette version des mentions l\u00e9gales est en vigueur depuis le 09.11.2023.<\/p>\n\t\t\t\t\t\t\t\t<\/div>\n\t\t\t\t<\/div>\n\t\t\t\t\t<\/div>\n\t\t\t\t<\/div>\n\t\t\t\t<\/div>\n\t\t","protected":false},"excerpt":{"rendered":"<p>Mentions l\u00e9gales \u00c9diteur du site Directeur de la publication Emilie Herren H\u00e9bergeur du site 2DS SA Site web : https:\/\/2ds.ch Conditions d\u2019utilisation L&rsquo;utilisation de ce site est soumise au respect des conditions g\u00e9n\u00e9rales d&rsquo;utilisation, disponibles sur notre site, et \u00e0 respecter par tout utilisateur. Propri\u00e9t\u00e9 intellectuelle Les \u00e9l\u00e9ments contenus dans le site (textes, logos, images, [&hellip;]<\/p>\n","protected":false},"author":4,"featured_media":0,"parent":0,"menu_order":0,"comment_status":"closed","ping_status":"closed","template":"","meta":{"_acf_changed":false,"site-sidebar-layout":"default","site-content-layout":"","ast-site-content-layout":"default","site-content-style":"default","site-sidebar-style":"default","ast-global-header-display":"","ast-banner-title-visibility":"","ast-main-header-display":"","ast-hfb-above-header-display":"","ast-hfb-below-header-display":"","ast-hfb-mobile-header-display":"","site-post-title":"disabled","ast-breadcrumbs-content":"","ast-featured-img":"","footer-sml-layout":"","ast-disable-related-posts":"","theme-transparent-header-meta":"","adv-header-id-meta":"","stick-header-meta":"","header-above-stick-meta":"","header-main-stick-meta":"","header-below-stick-meta":"","astra-migrate-meta-layouts":"set","ast-page-background-enabled":"default","ast-page-background-meta":{"desktop":{"background-color":"var(--ast-global-color-4)","background-image":"","background-repeat":"repeat","background-position":"center center","background-size":"auto","background-attachment":"scroll","background-type":"","background-media":"","overlay-type":"","overlay-color":"","overlay-opacity":"","overlay-gradient":""},"tablet":{"background-color":"","background-image":"","background-repeat":"repeat","background-position":"center center","background-size":"auto","background-attachment":"scroll","background-type":"","background-media":"","overlay-type":"","overlay-color":"","overlay-opacity":"","overlay-gradient":""},"mobile":{"background-color":"","background-image":"","background-repeat":"repeat","background-position":"center center","background-size":"auto","background-attachment":"scroll","background-type":"","background-media":"","overlay-type":"","overlay-color":"","overlay-opacity":"","overlay-gradient":""}},"ast-content-background-meta":{"desktop":{"background-color":"var(--ast-global-color-5)","background-image":"","background-repeat":"repeat","background-position":"center center","background-size":"auto","background-attachment":"scroll","background-type":"","background-media":"","overlay-type":"","overlay-color":"","overlay-opacity":"","overlay-gradient":""},"tablet":{"background-color":"var(--ast-global-color-5)","background-image":"","background-repeat":"repeat","background-position":"center center","background-size":"auto","background-attachment":"scroll","background-type":"","background-media":"","overlay-type":"","overlay-color":"","overlay-opacity":"","overlay-gradient":""},"mobile":{"background-color":"var(--ast-global-color-5)","background-image":"","background-repeat":"repeat","background-position":"center center","background-size":"auto","background-attachment":"scroll","background-type":"","background-media":"","overlay-type":"","overlay-color":"","overlay-opacity":"","overlay-gradient":""}},"footnotes":""},"class_list":["post-349","page","type-page","status-publish","hentry"],"acf":[],"yoast_head":"<!-- This site is optimized with the Yoast SEO plugin v27.5 - https:\/\/yoast.com\/product\/yoast-seo-wordpress\/ -->\n<title>Mentions l\u00e9gales - Groupe Bader SA<\/title>\n<meta name=\"robots\" content=\"index, follow, max-snippet:-1, max-image-preview:large, max-video-preview:-1\" \/>\n<link rel=\"canonical\" href=\"https:\/\/groupe-bader.ch\/de\/mentions-legales\/\" \/>\n<meta property=\"og:locale\" content=\"de_DE\" \/>\n<meta property=\"og:type\" content=\"article\" \/>\n<meta property=\"og:title\" content=\"Mentions l\u00e9gales - Groupe Bader SA\" \/>\n<meta property=\"og:description\" content=\"Mentions l\u00e9gales \u00c9diteur du site Directeur de la publication Emilie Herren H\u00e9bergeur du site 2DS SA Site web : https:\/\/2ds.ch Conditions d\u2019utilisation L&rsquo;utilisation de ce site est soumise au respect des conditions g\u00e9n\u00e9rales d&rsquo;utilisation, disponibles sur notre site, et \u00e0 respecter par tout utilisateur. Propri\u00e9t\u00e9 intellectuelle Les \u00e9l\u00e9ments contenus dans le site (textes, logos, images, [&hellip;]\" \/>\n<meta property=\"og:url\" content=\"https:\/\/groupe-bader.ch\/de\/mentions-legales\/\" \/>\n<meta property=\"og:site_name\" content=\"Groupe Bader SA\" \/>\n<meta property=\"article:modified_time\" content=\"2024-02-15T12:48:14+00:00\" \/>\n<meta name=\"twitter:card\" content=\"summary_large_image\" \/>\n<meta name=\"twitter:label1\" content=\"Gesch\u00e4tzte Lesezeit\" \/>\n\t<meta name=\"twitter:data1\" content=\"2\u00a0Minuten\" \/>\n<script type=\"application\/ld+json\" class=\"yoast-schema-graph\">{\"@context\":\"https:\\\/\\\/schema.org\",\"@graph\":[{\"@type\":\"WebPage\",\"@id\":\"https:\\\/\\\/groupe-bader.ch\\\/mentions-legales\\\/\",\"url\":\"https:\\\/\\\/groupe-bader.ch\\\/mentions-legales\\\/\",\"name\":\"Mentions l\u00e9gales - Groupe Bader SA\",\"isPartOf\":{\"@id\":\"https:\\\/\\\/groupe-bader.ch\\\/#website\"},\"datePublished\":\"2024-01-17T17:33:30+00:00\",\"dateModified\":\"2024-02-15T12:48:14+00:00\",\"breadcrumb\":{\"@id\":\"https:\\\/\\\/groupe-bader.ch\\\/mentions-legales\\\/#breadcrumb\"},\"inLanguage\":\"de\",\"potentialAction\":[{\"@type\":\"ReadAction\",\"target\":[\"https:\\\/\\\/groupe-bader.ch\\\/mentions-legales\\\/\"]}]},{\"@type\":\"BreadcrumbList\",\"@id\":\"https:\\\/\\\/groupe-bader.ch\\\/mentions-legales\\\/#breadcrumb\",\"itemListElement\":[{\"@type\":\"ListItem\",\"position\":1,\"name\":\"Accueil\",\"item\":\"https:\\\/\\\/groupe-bader.ch\\\/\"},{\"@type\":\"ListItem\",\"position\":2,\"name\":\"Mentions l\u00e9gales\"}]},{\"@type\":\"WebSite\",\"@id\":\"https:\\\/\\\/groupe-bader.ch\\\/#website\",\"url\":\"https:\\\/\\\/groupe-bader.ch\\\/\",\"name\":\"Groupe Bader SA\",\"description\":\"\",\"publisher\":{\"@id\":\"https:\\\/\\\/groupe-bader.ch\\\/#organization\"},\"potentialAction\":[{\"@type\":\"SearchAction\",\"target\":{\"@type\":\"EntryPoint\",\"urlTemplate\":\"https:\\\/\\\/groupe-bader.ch\\\/?s={search_term_string}\"},\"query-input\":{\"@type\":\"PropertyValueSpecification\",\"valueRequired\":true,\"valueName\":\"search_term_string\"}}],\"inLanguage\":\"de\"},{\"@type\":\"Organization\",\"@id\":\"https:\\\/\\\/groupe-bader.ch\\\/#organization\",\"name\":\"Groupe Bader SA\",\"url\":\"https:\\\/\\\/groupe-bader.ch\\\/\",\"logo\":{\"@type\":\"ImageObject\",\"inLanguage\":\"de\",\"@id\":\"https:\\\/\\\/groupe-bader.ch\\\/#\\\/schema\\\/logo\\\/image\\\/\",\"url\":\"https:\\\/\\\/groupe-bader.ch\\\/wp-content\\\/uploads\\\/2024\\\/02\\\/logo_blanc.svg\",\"contentUrl\":\"https:\\\/\\\/groupe-bader.ch\\\/wp-content\\\/uploads\\\/2024\\\/02\\\/logo_blanc.svg\",\"caption\":\"Groupe Bader SA\"},\"image\":{\"@id\":\"https:\\\/\\\/groupe-bader.ch\\\/#\\\/schema\\\/logo\\\/image\\\/\"}}]}<\/script>\n<!-- \/ Yoast SEO plugin. -->","yoast_head_json":{"title":"Mentions l\u00e9gales - Groupe Bader SA","robots":{"index":"index","follow":"follow","max-snippet":"max-snippet:-1","max-image-preview":"max-image-preview:large","max-video-preview":"max-video-preview:-1"},"canonical":"https:\/\/groupe-bader.ch\/de\/mentions-legales\/","og_locale":"de_DE","og_type":"article","og_title":"Mentions l\u00e9gales - Groupe Bader SA","og_description":"Mentions l\u00e9gales \u00c9diteur du site Directeur de la publication Emilie Herren H\u00e9bergeur du site 2DS SA Site web : https:\/\/2ds.ch Conditions d\u2019utilisation L&rsquo;utilisation de ce site est soumise au respect des conditions g\u00e9n\u00e9rales d&rsquo;utilisation, disponibles sur notre site, et \u00e0 respecter par tout utilisateur. Propri\u00e9t\u00e9 intellectuelle Les \u00e9l\u00e9ments contenus dans le site (textes, logos, images, [&hellip;]","og_url":"https:\/\/groupe-bader.ch\/de\/mentions-legales\/","og_site_name":"Groupe Bader SA","article_modified_time":"2024-02-15T12:48:14+00:00","twitter_card":"summary_large_image","twitter_misc":{"Gesch\u00e4tzte Lesezeit":"2\u00a0Minuten"},"schema":{"@context":"https:\/\/schema.org","@graph":[{"@type":"WebPage","@id":"https:\/\/groupe-bader.ch\/mentions-legales\/","url":"https:\/\/groupe-bader.ch\/mentions-legales\/","name":"Mentions l\u00e9gales - Groupe Bader SA","isPartOf":{"@id":"https:\/\/groupe-bader.ch\/#website"},"datePublished":"2024-01-17T17:33:30+00:00","dateModified":"2024-02-15T12:48:14+00:00","breadcrumb":{"@id":"https:\/\/groupe-bader.ch\/mentions-legales\/#breadcrumb"},"inLanguage":"de","potentialAction":[{"@type":"ReadAction","target":["https:\/\/groupe-bader.ch\/mentions-legales\/"]}]},{"@type":"BreadcrumbList","@id":"https:\/\/groupe-bader.ch\/mentions-legales\/#breadcrumb","itemListElement":[{"@type":"ListItem","position":1,"name":"Accueil","item":"https:\/\/groupe-bader.ch\/"},{"@type":"ListItem","position":2,"name":"Mentions l\u00e9gales"}]},{"@type":"WebSite","@id":"https:\/\/groupe-bader.ch\/#website","url":"https:\/\/groupe-bader.ch\/","name":"Gruppe Bader SA","description":"","publisher":{"@id":"https:\/\/groupe-bader.ch\/#organization"},"potentialAction":[{"@type":"SearchAction","target":{"@type":"EntryPoint","urlTemplate":"https:\/\/groupe-bader.ch\/?s={search_term_string}"},"query-input":{"@type":"PropertyValueSpecification","valueRequired":true,"valueName":"search_term_string"}}],"inLanguage":"de"},{"@type":"Organization","@id":"https:\/\/groupe-bader.ch\/#organization","name":"Gruppe Bader SA","url":"https:\/\/groupe-bader.ch\/","logo":{"@type":"ImageObject","inLanguage":"de","@id":"https:\/\/groupe-bader.ch\/#\/schema\/logo\/image\/","url":"https:\/\/groupe-bader.ch\/wp-content\/uploads\/2024\/02\/logo_blanc.svg","contentUrl":"https:\/\/groupe-bader.ch\/wp-content\/uploads\/2024\/02\/logo_blanc.svg","caption":"Groupe Bader SA"},"image":{"@id":"https:\/\/groupe-bader.ch\/#\/schema\/logo\/image\/"}}]}},"_links":{"self":[{"href":"https:\/\/groupe-bader.ch\/de\/wp-json\/wp\/v2\/pages\/349","targetHints":{"allow":["GET"]}}],"collection":[{"href":"https:\/\/groupe-bader.ch\/de\/wp-json\/wp\/v2\/pages"}],"about":[{"href":"https:\/\/groupe-bader.ch\/de\/wp-json\/wp\/v2\/types\/page"}],"author":[{"embeddable":true,"href":"https:\/\/groupe-bader.ch\/de\/wp-json\/wp\/v2\/users\/4"}],"replies":[{"embeddable":true,"href":"https:\/\/groupe-bader.ch\/de\/wp-json\/wp\/v2\/comments?post=349"}],"version-history":[{"count":34,"href":"https:\/\/groupe-bader.ch\/de\/wp-json\/wp\/v2\/pages\/349\/revisions"}],"predecessor-version":[{"id":3010,"href":"https:\/\/groupe-bader.ch\/de\/wp-json\/wp\/v2\/pages\/349\/revisions\/3010"}],"wp:attachment":[{"href":"https:\/\/groupe-bader.ch\/de\/wp-json\/wp\/v2\/media?parent=349"}],"curies":[{"name":"wp","href":"https:\/\/api.w.org\/{rel}","templated":true}]}}