{"id":387,"date":"2024-01-17T18:47:56","date_gmt":"2024-01-17T17:47:56","guid":{"rendered":"https:\/\/groupe-bader.2ds.ch\/?page_id=387"},"modified":"2026-02-18T16:17:38","modified_gmt":"2026-02-18T15:17:38","slug":"le-groupe","status":"publish","type":"page","link":"https:\/\/groupe-bader.ch\/it\/le-groupe\/","title":{"rendered":"Il gruppo"},"content":{"rendered":"\t\t<div data-elementor-type=\"wp-page\" data-elementor-id=\"387\" class=\"elementor elementor-387\" data-elementor-post-type=\"page\">\n\t\t\t\t<div class=\"elementor-element elementor-element-961d07b e-flex e-con-boxed e-con e-parent\" data-id=\"961d07b\" data-element_type=\"container\" data-e-type=\"container\" data-settings=\"{&quot;background_background&quot;:&quot;classic&quot;,&quot;motion_fx_motion_fx_scrolling&quot;:&quot;yes&quot;,&quot;motion_fx_devices&quot;:[&quot;desktop&quot;,&quot;tablet&quot;,&quot;mobile&quot;]}\">\n\t\t\t\t\t<div class=\"e-con-inner\">\n\t\t\t\t<div class=\"elementor-element elementor-element-3cdeb87 elementor-absolute elementor-widget elementor-widget-heading\" data-id=\"3cdeb87\" data-element_type=\"widget\" data-e-type=\"widget\" data-settings=\"{&quot;_position&quot;:&quot;absolute&quot;,&quot;motion_fx_motion_fx_scrolling&quot;:&quot;yes&quot;,&quot;motion_fx_scale_effect&quot;:&quot;yes&quot;,&quot;motion_fx_scale_speed&quot;:{&quot;unit&quot;:&quot;px&quot;,&quot;size&quot;:3,&quot;sizes&quot;:[]},&quot;motion_fx_scale_range&quot;:{&quot;unit&quot;:&quot;%&quot;,&quot;size&quot;:&quot;&quot;,&quot;sizes&quot;:{&quot;start&quot;:20,&quot;end&quot;:64}},&quot;motion_fx_scale_direction&quot;:&quot;out-in&quot;,&quot;motion_fx_devices&quot;:[&quot;desktop&quot;,&quot;tablet&quot;,&quot;mobile&quot;]}\" data-widget_type=\"heading.default\">\n\t\t\t\t<div class=\"elementor-widget-container\">\n\t\t\t\t\t<span class=\"elementor-heading-title elementor-size-default\">Le groupe<\/span>\t\t\t\t<\/div>\n\t\t\t\t<\/div>\n\t\t\t\t<div class=\"elementor-element elementor-element-783f23c elementor-widget elementor-widget-uael-hotspot\" data-id=\"783f23c\" data-element_type=\"widget\" data-e-type=\"widget\" data-settings=\"{&quot;position&quot;:&quot;top&quot;,&quot;trigger&quot;:&quot;hover&quot;}\" data-widget_type=\"uael-hotspot.default\">\n\t\t\t\t<div class=\"elementor-widget-container\">\n\t\t\t\t\t\n\t\t<div class=\"uael-hotspot  uael-hotspot-tooltip-yes \">\n\t\t\t<img fetchpriority=\"high\" decoding=\"async\" width=\"945\" height=\"591\" src=\"https:\/\/groupe-bader.ch\/wp-content\/uploads\/2026\/01\/Groupe-Bader_Site-4.png\" class=\"attachment-full size-full wp-image-4677\" alt=\"\" srcset=\"https:\/\/groupe-bader.ch\/wp-content\/uploads\/2026\/01\/Groupe-Bader_Site-4.png 945w, https:\/\/groupe-bader.ch\/wp-content\/uploads\/2026\/01\/Groupe-Bader_Site-4-300x188.png 300w, https:\/\/groupe-bader.ch\/wp-content\/uploads\/2026\/01\/Groupe-Bader_Site-4-768x480.png 768w, https:\/\/groupe-bader.ch\/wp-content\/uploads\/2026\/01\/Groupe-Bader_Site-4-18x12.png 18w\" sizes=\"(max-width: 945px) 100vw, 945px\" \/>\t\t\t\n\t\t\t<div class=\"uael-hotspot-container\" data-side=\"top\" data-hotspottrigger=\"hover\" data-arrow=\"true\" data-distance=\"0\" data-delay=\"300\" data-animation=\"fade\" data-animduration=\"350\" data-zindex=\"99\" data-length=\"1\" data-autoplay=\"\" data-repeat=\"\" data-tourinterval=\"4000\" data-overlay=\"\" data-autoaction=\"\" data-hotspotviewport=\"90\" data-tooltip-maxwidth=\"250\" data-tooltip-minwidth=\"0\" >\n\n\t\t\t\t\t\t\t\t\t\t\t\t\t\t<span class=\"uael-tooltip elementor-repeater-item-392765c\">\n\t\t\t\t\t\t<span class=\"uael-hotspot-main-783f23c uael-hotspot-content \" id=\"uael-tooltip-id-783f23c-1\" data-uaeltour=\"1\" data-tooltip-content=\"#uael-tooltip-content-783f23c-392765c\">\n\t\t\t\t\t\t\t<i aria-hidden=\"true\" class=\"fa fa-dot-circle-o\"><\/i>\t\t\t\t\t\t<\/span>\n\t\t\t\t\t<\/span>\n\t\t\t\t\t\n\t\t\t\t\t\t\t\t\t\t\t\t\t\t\t\t<span class=\"uael-tooltip-container\">\n\t\t\t\t\t\t\t<span class=\"uael-tooltip-text uael-tour-inactive\" id=\"uael-tooltip-content-783f23c-392765c\"><p>Metabader SA a son si\u00e8ge social \u00e0 Le Mont-sur-Lausanne, est actif et est active dans le domaine \u00abRecycling\u00bb.<\/p>\t\t\t\t\t\t\t\t<span class=\"uael-tour\"><span class=\"uael-actual-step\">1 de 1<\/span><ul><li><a href=\"#0\" class=\"uael-prev-783f23c\" data-tooltipid=\"1\">&#171; Pr\u00e9c\u00e9dent<\/a><\/li><li><a href=\"#0\" class=\"uael-next-783f23c\" data-tooltipid=\"1\">Suivant &#187;<\/a><\/li><\/ul><\/span>\n\t\t\t\t\t\t\t\t\t\t\t\t\t\t\t<\/span>\n\t\t\t\t\t\t<\/span>\n\t\t\t\t\t\t\t\t\t\t\t\t\t\t<\/div>\n\t\t\t\n\t\t\t\t\t<\/div>\n\t\t\t\t\t\t<\/div>\n\t\t\t\t<\/div>\n\t\t\t\t\t<\/div>\n\t\t\t\t<\/div>\n\t\t<div class=\"elementor-element elementor-element-ccebc89 e-flex e-con-boxed e-con e-parent\" data-id=\"ccebc89\" data-element_type=\"container\" data-e-type=\"container\" data-settings=\"{&quot;background_background&quot;:&quot;gradient&quot;}\">\n\t\t\t\t\t<div class=\"e-con-inner\">\n\t\t\t\t<div class=\"elementor-element elementor-element-baffc89 elementor-widget elementor-widget-heading\" data-id=\"baffc89\" data-element_type=\"widget\" data-e-type=\"widget\" data-widget_type=\"heading.default\">\n\t\t\t\t<div class=\"elementor-widget-container\">\n\t\t\t\t\t<h1 class=\"elementor-heading-title elementor-size-default\">Nos valeurs<\/h1>\t\t\t\t<\/div>\n\t\t\t\t<\/div>\n\t\t<div class=\"elementor-element elementor-element-52b89e2 e-con-full e-flex e-con e-child\" data-id=\"52b89e2\" data-element_type=\"container\" data-e-type=\"container\">\n\t\t\t\t<div class=\"elementor-element elementor-element-333d4f8 elementor-widget elementor-widget-text-editor\" data-id=\"333d4f8\" data-element_type=\"widget\" data-e-type=\"widget\" data-widget_type=\"text-editor.default\">\n\t\t\t\t<div class=\"elementor-widget-container\">\n\t\t\t\t\t\t\t\t\t<p>Au Groupe Bader SA, nous croyons en un avenir durable et responsable. Fond\u00e9e sur des valeurs solides, notre entreprise s\u2019est engag\u00e9e \u00e0 devenir un leader incontest\u00e9 dans le domaine du recyclage. Nous sommes fiers de contribuer \u00e0 la pr\u00e9servation de notre plan\u00e8te en r\u00e9duisant l\u2019impact environnemental et en favorisant une \u00e9conomie circulaire.<\/p>\t\t\t\t\t\t\t\t<\/div>\n\t\t\t\t<\/div>\n\t\t\t\t<\/div>\n\t\t<div class=\"elementor-element elementor-element-7939f79 e-con-full e-flex e-con e-child\" data-id=\"7939f79\" data-element_type=\"container\" data-e-type=\"container\">\n\t\t\t\t<div class=\"elementor-element elementor-element-1a09ea9 elementor-widget elementor-widget-heading\" data-id=\"1a09ea9\" data-element_type=\"widget\" data-e-type=\"widget\" data-widget_type=\"heading.default\">\n\t\t\t\t<div class=\"elementor-widget-container\">\n\t\t\t\t\t<h1 class=\"elementor-heading-title elementor-size-default\">Nos Valeurs Fondamentales<\/h1>\t\t\t\t<\/div>\n\t\t\t\t<\/div>\n\t\t\t\t<\/div>\n\t\t<div class=\"elementor-element elementor-element-5923ce6 e-con-full e-flex e-con e-child\" data-id=\"5923ce6\" data-element_type=\"container\" data-e-type=\"container\">\n\t\t<div class=\"elementor-element elementor-element-ae5c8e1 e-flex e-con-boxed e-con e-child\" data-id=\"ae5c8e1\" data-element_type=\"container\" data-e-type=\"container\">\n\t\t\t\t\t<div class=\"e-con-inner\">\n\t\t\t\t<div class=\"elementor-element elementor-element-80bd190 elementor-view-framed elementor-shape-square elementor-position-block-start elementor-mobile-position-block-start elementor-widget elementor-widget-icon-box\" data-id=\"80bd190\" data-element_type=\"widget\" data-e-type=\"widget\" data-widget_type=\"icon-box.default\">\n\t\t\t\t<div class=\"elementor-widget-container\">\n\t\t\t\t\t\t\t<div class=\"elementor-icon-box-wrapper\">\n\n\t\t\t\t\t\t<div class=\"elementor-icon-box-icon\">\n\t\t\t\t<span  class=\"elementor-icon\">\n\t\t\t\t<svg xmlns=\"http:\/\/www.w3.org\/2000\/svg\" width=\"48\" height=\"48\" viewBox=\"0 0 48 48\" fill=\"none\"><path d=\"M3.04519 32.2015L7.33863 29.723C7.57118 29.5887 7.84409 29.5421 8.10803 29.5915L16.5557 31.1725C17.2499 31.3024 17.8907 30.768 17.8876 30.0617L17.8547 22.66C17.8538 22.4589 17.9068 22.2613 18.0083 22.0876L22.2714 14.789C22.4933 14.4091 22.4734 13.9348 22.2205 13.5749L15.0426 3.35779M39.7505 7.93286C27.3755 13.8751 34.1251 21.7501 36.3755 22.8751C40.5989 24.9864 46.4722 25.125 46.4722 25.125C46.4906 24.7523 46.5 24.3772 46.5 24C46.5 11.5736 36.4264 1.5 24 1.5C11.5736 1.5 1.5 11.5736 1.5 24C1.5 36.4264 11.5736 46.5 24 46.5C24.3772 46.5 24.7523 46.4907 25.125 46.4724M34.705 46.3645L27.5798 27.5798L46.3645 34.705L38.0347 38.0347L34.705 46.3645Z\" stroke=\"white\" stroke-width=\"2\" stroke-linecap=\"round\" stroke-linejoin=\"round\"><\/path><\/svg>\t\t\t\t<\/span>\n\t\t\t<\/div>\n\t\t\t\n\t\t\t\t\t\t<div class=\"elementor-icon-box-content\">\n\n\t\t\t\t\t\t\t\t\t<h3 class=\"elementor-icon-box-title\">\n\t\t\t\t\t\t<span  >\n\t\t\t\t\t\t\tEngagement environnemental\t\t\t\t\t\t<\/span>\n\t\t\t\t\t<\/h3>\n\t\t\t\t\n\t\t\t\t\t\t\t\t\t<p class=\"elementor-icon-box-description\">\n\t\t\t\t\t\tNotre d\u00e9vouement envers l\u2019environnement guide chacune de nos actions. Nous nous effor\u00e7ons de minimiser les d\u00e9chets et de maximiser la r\u00e9cup\u00e9ration des mat\u00e9riaux pour offrir des solutions durables \u00e0 nos clients.\u00a0\t\t\t\t\t<\/p>\n\t\t\t\t\n\t\t\t<\/div>\n\t\t\t\n\t\t<\/div>\n\t\t\t\t\t\t<\/div>\n\t\t\t\t<\/div>\n\t\t\t\t\t<\/div>\n\t\t\t\t<\/div>\n\t\t<div class=\"elementor-element elementor-element-7cc125e e-flex e-con-boxed e-con e-child\" data-id=\"7cc125e\" data-element_type=\"container\" data-e-type=\"container\">\n\t\t\t\t\t<div class=\"e-con-inner\">\n\t\t\t\t<div class=\"elementor-element elementor-element-2b1771f elementor-view-framed elementor-shape-square elementor-position-block-start elementor-mobile-position-block-start elementor-widget elementor-widget-icon-box\" data-id=\"2b1771f\" data-element_type=\"widget\" data-e-type=\"widget\" data-widget_type=\"icon-box.default\">\n\t\t\t\t<div class=\"elementor-widget-container\">\n\t\t\t\t\t\t\t<div class=\"elementor-icon-box-wrapper\">\n\n\t\t\t\t\t\t<div class=\"elementor-icon-box-icon\">\n\t\t\t\t<span  class=\"elementor-icon\">\n\t\t\t\t<svg xmlns=\"http:\/\/www.w3.org\/2000\/svg\" width=\"44\" height=\"38\" viewBox=\"0 0 44 38\" fill=\"none\"><path d=\"M10.75 37V1M10.75 1L1.75 10M10.75 1L19.75 10M33.25 37V12.25M33.25 12.25L24.25 21.25M33.25 12.25L42.25 21.25\" stroke=\"white\" stroke-width=\"2\" stroke-linecap=\"round\" stroke-linejoin=\"round\"><\/path><\/svg>\t\t\t\t<\/span>\n\t\t\t<\/div>\n\t\t\t\n\t\t\t\t\t\t<div class=\"elementor-icon-box-content\">\n\n\t\t\t\t\t\t\t\t\t<h3 class=\"elementor-icon-box-title\">\n\t\t\t\t\t\t<span  >\n\t\t\t\t\t\t\tInnovation continue\t\t\t\t\t\t<\/span>\n\t\t\t\t\t<\/h3>\n\t\t\t\t\n\t\t\t\t\t\t\t\t\t<p class=\"elementor-icon-box-description\">\n\t\t\t\t\t\tNous embrassons le changement et recherchons constamment des moyens novateurs pour am\u00e9liorer nos processus de recyclage. Notre \u00e9quipe d\u00e9di\u00e9e de ressources humaines et de responsable projets explore de nouvelles fa\u00e7ons de repenser la gestion des d\u00e9chets.\t\t\t\t\t<\/p>\n\t\t\t\t\n\t\t\t<\/div>\n\t\t\t\n\t\t<\/div>\n\t\t\t\t\t\t<\/div>\n\t\t\t\t<\/div>\n\t\t\t\t\t<\/div>\n\t\t\t\t<\/div>\n\t\t\t\t<\/div>\n\t\t<div class=\"elementor-element elementor-element-04eecc0 e-con-full e-flex e-con e-child\" data-id=\"04eecc0\" data-element_type=\"container\" data-e-type=\"container\">\n\t\t<div class=\"elementor-element elementor-element-d89eae2 e-flex e-con-boxed e-con e-child\" data-id=\"d89eae2\" data-element_type=\"container\" data-e-type=\"container\">\n\t\t\t\t\t<div class=\"e-con-inner\">\n\t\t\t\t<div class=\"elementor-element elementor-element-815e48d elementor-view-framed elementor-shape-square elementor-position-block-start elementor-mobile-position-block-start elementor-widget elementor-widget-icon-box\" data-id=\"815e48d\" data-element_type=\"widget\" data-e-type=\"widget\" data-widget_type=\"icon-box.default\">\n\t\t\t\t<div class=\"elementor-widget-container\">\n\t\t\t\t\t\t\t<div class=\"elementor-icon-box-wrapper\">\n\n\t\t\t\t\t\t<div class=\"elementor-icon-box-icon\">\n\t\t\t\t<span  class=\"elementor-icon\">\n\t\t\t\t<svg xmlns=\"http:\/\/www.w3.org\/2000\/svg\" width=\"48\" height=\"48\" viewBox=\"0 0 48 48\" fill=\"none\"><path d=\"M8.251 46.5H39.751M2.626 15H45.376M19.501 1.5L15.001 15L24.001 38.625L33.001 15L28.501 1.5M25.3329 38.2849L45.447 16.1594C45.8206 15.7484 46.0074 15.543 46.0818 15.309C46.1475 15.1028 46.1522 14.8821 46.0955 14.6733C46.0312 14.4363 45.8535 14.223 45.4979 13.7963L35.7907 2.14767C35.5923 1.9096 35.4931 1.79056 35.3715 1.70499C35.2638 1.62917 35.1436 1.57286 35.0164 1.53863C34.8728 1.5 34.7178 1.5 34.4079 1.5H13.5941C13.2842 1.5 13.1292 1.5 12.9856 1.53863C12.8584 1.57286 12.7382 1.62917 12.6305 1.70499C12.5089 1.79056 12.4097 1.9096 12.2113 2.14767L2.5041 13.7963C2.14854 14.2229 1.97075 14.4363 1.90645 14.6733C1.84979 14.8821 1.85454 15.1028 1.92014 15.309C1.99459 15.5429 2.1814 15.7484 2.55501 16.1594L22.6691 38.2849C23.1308 38.7928 23.3617 39.0468 23.6331 39.1407C23.8714 39.2232 24.1306 39.2232 24.3689 39.1407C24.6403 39.0468 24.8712 38.7928 25.3329 38.2849Z\" stroke=\"white\" stroke-width=\"2\" stroke-linecap=\"round\" stroke-linejoin=\"round\"><\/path><\/svg>\t\t\t\t<\/span>\n\t\t\t<\/div>\n\t\t\t\n\t\t\t\t\t\t<div class=\"elementor-icon-box-content\">\n\n\t\t\t\t\t\t\t\t\t<h3 class=\"elementor-icon-box-title\">\n\t\t\t\t\t\t<span  >\n\t\t\t\t\t\t\tQualit\u00e9 sup\u00e9rieur\t\t\t\t\t\t<\/span>\n\t\t\t\t\t<\/h3>\n\t\t\t\t\n\t\t\t\t\t\t\t\t\t<p class=\"elementor-icon-box-description\">\n\t\t\t\t\t\tL\u2019excellence est au c\u0153ur de tout ce que nous faisons. De la collecte initiale \u00e0 la transformation finale, nous maintenons des normes de qualit\u00e9 rigoureuses pour garantir que les mat\u00e9riaux recycl\u00e9s r\u00e9pondent aux exigences les plus \u00e9lev\u00e9es.\u00a0\t\t\t\t\t<\/p>\n\t\t\t\t\n\t\t\t<\/div>\n\t\t\t\n\t\t<\/div>\n\t\t\t\t\t\t<\/div>\n\t\t\t\t<\/div>\n\t\t\t\t\t<\/div>\n\t\t\t\t<\/div>\n\t\t<div class=\"elementor-element elementor-element-2554b02 e-flex e-con-boxed e-con e-child\" data-id=\"2554b02\" data-element_type=\"container\" data-e-type=\"container\">\n\t\t\t\t\t<div class=\"e-con-inner\">\n\t\t\t\t<div class=\"elementor-element elementor-element-80b1677 elementor-view-framed elementor-shape-square elementor-position-block-start elementor-mobile-position-block-start elementor-widget elementor-widget-icon-box\" data-id=\"80b1677\" data-element_type=\"widget\" data-e-type=\"widget\" data-widget_type=\"icon-box.default\">\n\t\t\t\t<div class=\"elementor-widget-container\">\n\t\t\t\t\t\t\t<div class=\"elementor-icon-box-wrapper\">\n\n\t\t\t\t\t\t<div class=\"elementor-icon-box-icon\">\n\t\t\t\t<span  class=\"elementor-icon\">\n\t\t\t\t<svg xmlns=\"http:\/\/www.w3.org\/2000\/svg\" width=\"44\" height=\"48\" viewBox=\"0 0 44 48\" fill=\"none\"><path d=\"M42.25 15H1.75M31 1.5V8.25M13 1.5V8.25M12.55 46.5H31.45C35.2304 46.5 37.1205 46.5 38.5644 45.7643C39.8345 45.1171 40.8671 44.0845 41.5143 42.8144C42.25 41.3705 42.25 39.4804 42.25 35.7V16.8C42.25 13.0196 42.25 11.1295 41.5143 9.68556C40.8671 8.41547 39.8345 7.38285 38.5644 6.73571C37.1205 6 35.2304 6 31.45 6H12.55C8.76965 6 6.87947 6 5.43556 6.73571C4.16547 7.38285 3.13285 8.41547 2.48571 9.68556C1.75 11.1295 1.75 13.0196 1.75 16.8V35.7C1.75 39.4804 1.75 41.3705 2.48571 42.8144C3.13285 44.0845 4.16547 45.1171 5.43556 45.7643C6.87947 46.5 8.76965 46.5 12.55 46.5ZM21.9938 24.7438C20.1944 22.6986 17.1938 22.1484 14.9392 24.0213C12.6847 25.8941 12.3673 29.0254 14.1378 31.2404C15.4232 32.8485 18.9834 36.0143 20.8375 37.6281C21.2394 37.9779 21.4404 38.1529 21.6759 38.2222C21.8799 38.2823 22.1077 38.2823 22.3117 38.2222C22.5472 38.1529 22.7482 37.9779 23.1502 37.6281C25.0043 36.0143 28.5644 32.8485 29.8499 31.2404C31.6204 29.0254 31.3417 25.8744 29.0484 24.0213C26.7551 22.1681 23.7933 22.6986 21.9938 24.7438Z\" stroke=\"white\" stroke-width=\"2\" stroke-linecap=\"round\" stroke-linejoin=\"round\"><\/path><\/svg>\t\t\t\t<\/span>\n\t\t\t<\/div>\n\t\t\t\n\t\t\t\t\t\t<div class=\"elementor-icon-box-content\">\n\n\t\t\t\t\t\t\t\t\t<h3 class=\"elementor-icon-box-title\">\n\t\t\t\t\t\t<span  >\n\t\t\t\t\t\t\tPartenariats durables\t\t\t\t\t\t<\/span>\n\t\t\t\t\t<\/h3>\n\t\t\t\t\n\t\t\t\t\t\t\t\t\t<p class=\"elementor-icon-box-description\">\n\t\t\t\t\t\tNous croyons au pouvoir des partenariats \u00e0 long terme, En collaborant avec nos clients, nous fournisseurs et nos parties partantes, nous construisons des relations solides et mutuellement b\u00e9n\u00e9fiques pour promouvoir une \u00e9conomie circulaire florissante.\t\t\t\t\t<\/p>\n\t\t\t\t\n\t\t\t<\/div>\n\t\t\t\n\t\t<\/div>\n\t\t\t\t\t\t<\/div>\n\t\t\t\t<\/div>\n\t\t\t\t\t<\/div>\n\t\t\t\t<\/div>\n\t\t\t\t<\/div>\n\t\t<div class=\"elementor-element elementor-element-23d8f14 e-con-full e-flex e-con e-child\" data-id=\"23d8f14\" data-element_type=\"container\" data-e-type=\"container\">\n\t\t<div class=\"elementor-element elementor-element-8256fbe e-flex e-con-boxed e-con e-child\" data-id=\"8256fbe\" data-element_type=\"container\" data-e-type=\"container\">\n\t\t\t\t\t<div class=\"e-con-inner\">\n\t\t\t\t<div class=\"elementor-element elementor-element-c165cd0 elementor-view-framed elementor-shape-square elementor-position-block-start elementor-mobile-position-block-start elementor-widget elementor-widget-icon-box\" data-id=\"c165cd0\" data-element_type=\"widget\" data-e-type=\"widget\" data-widget_type=\"icon-box.default\">\n\t\t\t\t<div class=\"elementor-widget-container\">\n\t\t\t\t\t\t\t<div class=\"elementor-icon-box-wrapper\">\n\n\t\t\t\t\t\t<div class=\"elementor-icon-box-icon\">\n\t\t\t\t<span  class=\"elementor-icon\">\n\t\t\t\t<svg xmlns=\"http:\/\/www.w3.org\/2000\/svg\" width=\"48\" height=\"44\" viewBox=\"0 0 48 44\" fill=\"none\"><path d=\"M33 35.5L37.5 40L46.5 31M24 28.75H15C10.8065 28.75 8.70979 28.75 7.05585 29.4351C4.8506 30.3485 3.09853 32.1006 2.18508 34.3058C1.5 35.9598 1.5 38.0565 1.5 42.25M31.875 2.40421C35.1733 3.73933 37.5 6.97295 37.5 10.75C37.5 14.5271 35.1733 17.7607 31.875 19.0958M27.375 10.75C27.375 15.7206 23.3456 19.75 18.375 19.75C13.4044 19.75 9.375 15.7206 9.375 10.75C9.375 5.77944 13.4044 1.75 18.375 1.75C23.3456 1.75 27.375 5.77944 27.375 10.75Z\" stroke=\"white\" stroke-width=\"2\" stroke-linecap=\"round\" stroke-linejoin=\"round\"><\/path><\/svg>\t\t\t\t<\/span>\n\t\t\t<\/div>\n\t\t\t\n\t\t\t\t\t\t<div class=\"elementor-icon-box-content\">\n\n\t\t\t\t\t\t\t\t\t<h3 class=\"elementor-icon-box-title\">\n\t\t\t\t\t\t<span  >\n\t\t\t\t\t\t\tResponsabilit\u00e9 sociale\t\t\t\t\t\t<\/span>\n\t\t\t\t\t<\/h3>\n\t\t\t\t\n\t\t\t\t\t\t\t\t\t<p class=\"elementor-icon-box-description\">\n\t\t\t\t\t\tNotre engagement envers la soci\u00e9t\u00e9 va au-del\u00e0 de l\u2019environnement. Nous nous effor\u00e7ons d\u2019avoir un impact positif sur les communaut\u00e9s o\u00f9 nous op\u00e9rons, en soutenant des initiatives locales et en favorisant l\u2019\u00e9ducation sur les enjeux environnementaux.\t\t\t\t\t<\/p>\n\t\t\t\t\n\t\t\t<\/div>\n\t\t\t\n\t\t<\/div>\n\t\t\t\t\t\t<\/div>\n\t\t\t\t<\/div>\n\t\t\t\t\t<\/div>\n\t\t\t\t<\/div>\n\t\t<div class=\"elementor-element elementor-element-4e14222 e-flex e-con-boxed e-con e-child\" data-id=\"4e14222\" data-element_type=\"container\" data-e-type=\"container\">\n\t\t\t\t\t<div class=\"e-con-inner\">\n\t\t\t\t<div class=\"elementor-element elementor-element-0f366fe elementor-view-framed elementor-shape-square elementor-position-block-start elementor-mobile-position-block-start elementor-widget elementor-widget-icon-box\" data-id=\"0f366fe\" data-element_type=\"widget\" data-e-type=\"widget\" data-widget_type=\"icon-box.default\">\n\t\t\t\t<div class=\"elementor-widget-container\">\n\t\t\t\t\t\t\t<div class=\"elementor-icon-box-wrapper\">\n\n\t\t\t\t\t\t<div class=\"elementor-icon-box-icon\">\n\t\t\t\t<span  class=\"elementor-icon\">\n\t\t\t\t<svg xmlns=\"http:\/\/www.w3.org\/2000\/svg\" width=\"48\" height=\"48\" viewBox=\"0 0 48 48\" fill=\"none\"><path d=\"M24 17.25L6.14369 28.8566C4.59603 29.8626 3.8222 30.3656 3.55419 31.0034C3.31997 31.5609 3.31997 32.1891 3.55419 32.7466M24 17.25L41.8563 28.8566C43.404 29.8626 44.1778 30.3656 44.4458 31.0034C44.68 31.5609 44.68 32.1891 44.4458 32.7466M24 17.25V2.625M24 30.75L6.14369 19.1434C4.59603 18.1374 3.8222 17.6344 3.55419 16.9966C3.31997 16.4391 3.31997 15.8109 3.55419 15.2534M24 30.75L41.8563 19.1434C43.404 18.1374 44.1778 17.6344 44.4458 16.9966C44.68 16.4391 44.68 15.8109 44.4458 15.2534M24 30.75V45.375M44.862 32.9397L25.962 45.2247C25.2518 45.6863 24.8967 45.9171 24.5142 46.0069C24.176 46.0863 23.824 46.0863 23.4858 46.0069C23.1033 45.9171 22.7482 45.6863 22.038 45.2247L3.13804 32.9397C2.53953 32.5507 2.24027 32.3562 2.02346 32.0967C1.83153 31.867 1.68736 31.6014 1.59938 31.3153C1.5 30.9921 1.5 30.6352 1.5 29.9213V18.0787C1.5 17.3648 1.5 17.0079 1.59938 16.6847C1.68736 16.3986 1.83153 16.133 2.02346 15.9033C2.24027 15.6438 2.53953 15.4493 3.13804 15.0603L22.038 2.77527C22.7482 2.31368 23.1033 2.08288 23.4858 1.99308C23.824 1.9137 24.176 1.9137 24.5142 1.99308C24.8967 2.08288 25.2518 2.31368 25.962 2.77527L44.862 15.0603C45.4605 15.4493 45.7597 15.6438 45.9765 15.9033C46.1685 16.133 46.3126 16.3986 46.4006 16.6847C46.5 17.0079 46.5 17.3648 46.5 18.0787V29.9213C46.5 30.6352 46.5 30.9921 46.4006 31.3153C46.3126 31.6014 46.1685 31.867 45.9765 32.0967C45.7597 32.3562 45.4605 32.5507 44.862 32.9397Z\" stroke=\"white\" stroke-width=\"2\" stroke-linecap=\"round\" stroke-linejoin=\"round\"><\/path><\/svg>\t\t\t\t<\/span>\n\t\t\t<\/div>\n\t\t\t\n\t\t\t\t\t\t<div class=\"elementor-icon-box-content\">\n\n\t\t\t\t\t\t\t\t\t<h3 class=\"elementor-icon-box-title\">\n\t\t\t\t\t\t<span  >\n\t\t\t\t\t\t\tTransparence int\u00e9grale\t\t\t\t\t\t<\/span>\n\t\t\t\t\t<\/h3>\n\t\t\t\t\n\t\t\t\t\t\t\t\t\t<p class=\"elementor-icon-box-description\">\n\t\t\t\t\t\tNous croyons en la transparence totale dans toutes nos op\u00e9rations. Nos clients peuvent avoir confiance en notre processus de recyclage tra\u00e7able et \u00e9thique.\t\t\t\t\t<\/p>\n\t\t\t\t\n\t\t\t<\/div>\n\t\t\t\n\t\t<\/div>\n\t\t\t\t\t\t<\/div>\n\t\t\t\t<\/div>\n\t\t\t\t\t<\/div>\n\t\t\t\t<\/div>\n\t\t\t\t<\/div>\n\t\t<div class=\"elementor-element elementor-element-0b71fa3 e-con-full e-flex e-con e-child\" data-id=\"0b71fa3\" data-element_type=\"container\" data-e-type=\"container\">\n\t\t<div class=\"elementor-element elementor-element-53fa736 e-flex e-con-boxed e-con e-child\" data-id=\"53fa736\" data-element_type=\"container\" data-e-type=\"container\">\n\t\t\t\t\t<div class=\"e-con-inner\">\n\t\t\t\t<div class=\"elementor-element elementor-element-b8a754e elementor-view-framed elementor-shape-square elementor-position-block-start elementor-mobile-position-block-start elementor-widget elementor-widget-icon-box\" data-id=\"b8a754e\" data-element_type=\"widget\" data-e-type=\"widget\" data-widget_type=\"icon-box.default\">\n\t\t\t\t<div class=\"elementor-widget-container\">\n\t\t\t\t\t\t\t<div class=\"elementor-icon-box-wrapper\">\n\n\t\t\t\t\t\t<div class=\"elementor-icon-box-icon\">\n\t\t\t\t<span  class=\"elementor-icon\">\n\t\t\t\t<svg xmlns=\"http:\/\/www.w3.org\/2000\/svg\" width=\"48\" height=\"44\" viewBox=\"0 0 48 44\" fill=\"none\"><path d=\"M26.25 19.75H37.05C39.5702 19.75 40.8304 19.75 41.793 20.2405C42.6397 20.6719 43.3281 21.3603 43.7595 22.207C44.25 23.1696 44.25 24.4298 44.25 26.95V42.25M26.25 42.25V8.95C26.25 6.42976 26.25 5.16965 25.7595 4.20704C25.3281 3.36031 24.6397 2.6719 23.793 2.24047C22.8304 1.75 21.5702 1.75 19.05 1.75H10.95C8.42976 1.75 7.16965 1.75 6.20704 2.24047C5.36031 2.6719 4.6719 3.36031 4.24047 4.20704C3.75 5.16965 3.75 6.42976 3.75 8.95V42.25M46.5 42.25H1.5M11.625 10.75H18.375M11.625 19.75H18.375M11.625 28.75H18.375\" stroke=\"white\" stroke-width=\"2\" stroke-linecap=\"round\" stroke-linejoin=\"round\"><\/path><\/svg>\t\t\t\t<\/span>\n\t\t\t<\/div>\n\t\t\t\n\t\t\t\t\t\t<div class=\"elementor-icon-box-content\">\n\n\t\t\t\t\t\t\t\t\t<h3 class=\"elementor-icon-box-title\">\n\t\t\t\t\t\t<span  >\n\t\t\t\t\t\t\tL\u2019environnement de travail\t\t\t\t\t\t<\/span>\n\t\t\t\t\t<\/h3>\n\t\t\t\t\n\t\t\t\t\t\t\t\t\t<p class=\"elementor-icon-box-description\">\n\t\t\t\t\t\tle respect est la base de tous les \u00e9changes professionnels. Chaque collaborateur est une pi\u00e8ce importante de notre \u00e9quipe. Nous encourageons le dialogue et nous offrons volontiers des possibilit\u00e9s de formation et d\u2019\u00e9volution.\t\t\t\t\t<\/p>\n\t\t\t\t\n\t\t\t<\/div>\n\t\t\t\n\t\t<\/div>\n\t\t\t\t\t\t<\/div>\n\t\t\t\t<\/div>\n\t\t\t\t\t<\/div>\n\t\t\t\t<\/div>\n\t\t<div class=\"elementor-element elementor-element-9aa7059 elementor-hidden-tablet elementor-hidden-mobile e-flex e-con-boxed e-con e-child\" data-id=\"9aa7059\" data-element_type=\"container\" data-e-type=\"container\">\n\t\t\t\t\t<div class=\"e-con-inner\">\n\t\t\t\t\t<\/div>\n\t\t\t\t<\/div>\n\t\t\t\t<\/div>\n\t\t\t\t\t<\/div>\n\t\t\t\t<\/div>\n\t\t<div class=\"elementor-element elementor-element-a65e49e e-flex e-con-boxed e-con e-parent\" data-id=\"a65e49e\" data-element_type=\"container\" data-e-type=\"container\">\n\t\t\t\t\t<div class=\"e-con-inner\">\n\t\t\t\t<div class=\"elementor-element elementor-element-38eef10 elementor-widget elementor-widget-heading\" data-id=\"38eef10\" data-element_type=\"widget\" data-e-type=\"widget\" data-widget_type=\"heading.default\">\n\t\t\t\t<div class=\"elementor-widget-container\">\n\t\t\t\t\t<h2 class=\"elementor-heading-title elementor-size-default\">Rejoignez-nous dans notre qu\u00eate pour un avenir plus propre et plus durable. Au Groupe Bader SA, nous transformons la vision du recyclage en r\u00e9alit\u00e9, une action \u00e0 la fois.\u00a0<\/h2>\t\t\t\t<\/div>\n\t\t\t\t<\/div>\n\t\t<div class=\"elementor-element elementor-element-85de092 e-con-full e-flex e-con e-child\" data-id=\"85de092\" data-element_type=\"container\" data-e-type=\"container\">\n\t\t<div class=\"elementor-element elementor-element-c86f62f e-flex e-con-boxed e-con e-child\" data-id=\"c86f62f\" data-element_type=\"container\" data-e-type=\"container\">\n\t\t\t\t\t<div class=\"e-con-inner\">\n\t\t\t\t<div class=\"elementor-element elementor-element-d628798 elementor-widget elementor-widget-image\" data-id=\"d628798\" data-element_type=\"widget\" data-e-type=\"widget\" data-widget_type=\"image.default\">\n\t\t\t\t<div class=\"elementor-widget-container\">\n\t\t\t\t\t\t\t\t\t\t\t\t\t\t\t<img decoding=\"async\" width=\"690\" height=\"607\" src=\"https:\/\/groupe-bader.ch\/wp-content\/uploads\/2024\/01\/IMG_60.webp\" class=\"attachment-medium_large size-medium_large wp-image-678\" alt=\"\" srcset=\"https:\/\/groupe-bader.ch\/wp-content\/uploads\/2024\/01\/IMG_60.webp 690w, https:\/\/groupe-bader.ch\/wp-content\/uploads\/2024\/01\/IMG_60-300x264.webp 300w\" sizes=\"(max-width: 690px) 100vw, 690px\" \/>\t\t\t\t\t\t\t\t\t\t\t\t\t\t\t<\/div>\n\t\t\t\t<\/div>\n\t\t\t\t\t<\/div>\n\t\t\t\t<\/div>\n\t\t<div class=\"elementor-element elementor-element-c32bf44 e-flex e-con-boxed e-con e-child\" data-id=\"c32bf44\" data-element_type=\"container\" data-e-type=\"container\">\n\t\t\t\t\t<div class=\"e-con-inner\">\n\t\t\t\t<div class=\"elementor-element elementor-element-ac9ad80 elementor-widget elementor-widget-text-editor\" data-id=\"ac9ad80\" data-element_type=\"widget\" data-e-type=\"widget\" data-widget_type=\"text-editor.default\">\n\t\t\t\t<div class=\"elementor-widget-container\">\n\t\t\t\t\t\t\t\t\t<p>\u00c0 chaque pas que nous faisons en avant, ce sont nos pr\u00e9cieuses \u00e9quipes qui nous portent, car ici, nous ne voyons pas de simples collaborateurs, mais une v\u00e9ritable famille. Chez nous, pas de num\u00e9ros anonymes, mais des visages souriants, des r\u00eaves partag\u00e9s et des liens tiss\u00e9s avec soin. Chaque membre de notre \u00e9quipe apporte sa touche unique \u00e0 notre histoire collective. C&rsquo;est gr\u00e2ce \u00e0 leur d\u00e9vouement que nous grandissons, \u00e9voluons et \u00e9difions un avenir o\u00f9 les relations priment. Bienvenue dans notre univers o\u00f9 chaque individu compte, o\u00f9 la chaleur humaine se m\u00eale \u00e0 nos valeurs d&rsquo;entreprise, pour que vous vous sentiez non seulement chez vous, mais surtout, parmi les v\u00f4tres.<\/p>\t\t\t\t\t\t\t\t<\/div>\n\t\t\t\t<\/div>\n\t\t\t\t\t<\/div>\n\t\t\t\t<\/div>\n\t\t\t\t<\/div>\n\t\t\t\t\t<\/div>\n\t\t\t\t<\/div>\n\t\t<div class=\"elementor-element elementor-element-0ef2f3b e-flex e-con-boxed e-con e-parent\" data-id=\"0ef2f3b\" data-element_type=\"container\" data-e-type=\"container\">\n\t\t\t\t\t<div class=\"e-con-inner\">\n\t\t\t\t<div class=\"elementor-element elementor-element-a1f65ed elementor-widget elementor-widget-heading\" data-id=\"a1f65ed\" data-element_type=\"widget\" data-e-type=\"widget\" data-widget_type=\"heading.default\">\n\t\t\t\t<div class=\"elementor-widget-container\">\n\t\t\t\t\t<h2 class=\"elementor-heading-title elementor-size-default\">Certifications<\/h2>\t\t\t\t<\/div>\n\t\t\t\t<\/div>\n\t\t\t\t<div class=\"elementor-element elementor-element-c8a1cdb elementor-widget elementor-widget-text-editor\" data-id=\"c8a1cdb\" data-element_type=\"widget\" data-e-type=\"widget\" data-widget_type=\"text-editor.default\">\n\t\t\t\t<div class=\"elementor-widget-container\">\n\t\t\t\t\t\t\t\t\t<p>En 2022, nous avons obtenu trois certifications ISO<\/p>\t\t\t\t\t\t\t\t<\/div>\n\t\t\t\t<\/div>\n\t\t\t\t<div class=\"elementor-element elementor-element-6fad643 elementor-widget elementor-widget-gallery\" data-id=\"6fad643\" data-element_type=\"widget\" data-e-type=\"widget\" data-settings=\"{&quot;gallery_layout&quot;:&quot;masonry&quot;,&quot;columns&quot;:3,&quot;gap&quot;:{&quot;unit&quot;:&quot;px&quot;,&quot;size&quot;:85,&quot;sizes&quot;:[]},&quot;columns_mobile&quot;:3,&quot;gap_mobile&quot;:{&quot;unit&quot;:&quot;px&quot;,&quot;size&quot;:15,&quot;sizes&quot;:[]},&quot;lazyload&quot;:&quot;yes&quot;,&quot;columns_tablet&quot;:2,&quot;gap_tablet&quot;:{&quot;unit&quot;:&quot;px&quot;,&quot;size&quot;:10,&quot;sizes&quot;:[]},&quot;overlay_background&quot;:&quot;yes&quot;,&quot;content_hover_animation&quot;:&quot;fade-in&quot;}\" data-widget_type=\"gallery.default\">\n\t\t\t\t<div class=\"elementor-widget-container\">\n\t\t\t\t\t\t\t<div class=\"elementor-gallery__container\">\n\t\t\t\t\t\t\t<div class=\"e-gallery-item elementor-gallery-item elementor-animated-content\">\n\t\t\t\t\t<div class=\"e-gallery-image elementor-gallery-item__image\" data-thumbnail=\"https:\/\/groupe-bader.ch\/wp-content\/uploads\/2024\/01\/Group-52.webp\" data-width=\"168\" data-height=\"149\" aria-label=\"\" role=\"img\" ><\/div>\n\t\t\t\t\t\t\t\t\t\t\t<div class=\"elementor-gallery-item__overlay\"><\/div>\n\t\t\t\t\t\t\t\t\t\t\t\t\t\t<\/div>\n\t\t\t\t\t\t\t<div class=\"e-gallery-item elementor-gallery-item elementor-animated-content\">\n\t\t\t\t\t<div class=\"e-gallery-image elementor-gallery-item__image\" data-thumbnail=\"https:\/\/groupe-bader.ch\/wp-content\/uploads\/2024\/01\/Group-53.webp\" data-width=\"168\" data-height=\"149\" aria-label=\"\" role=\"img\" ><\/div>\n\t\t\t\t\t\t\t\t\t\t\t<div class=\"elementor-gallery-item__overlay\"><\/div>\n\t\t\t\t\t\t\t\t\t\t\t\t\t\t<\/div>\n\t\t\t\t\t\t\t<div class=\"e-gallery-item elementor-gallery-item elementor-animated-content\">\n\t\t\t\t\t<div class=\"e-gallery-image elementor-gallery-item__image\" data-thumbnail=\"https:\/\/groupe-bader.ch\/wp-content\/uploads\/2024\/01\/Group-54.webp\" data-width=\"168\" data-height=\"149\" aria-label=\"\" role=\"img\" ><\/div>\n\t\t\t\t\t\t\t\t\t\t\t<div class=\"elementor-gallery-item__overlay\"><\/div>\n\t\t\t\t\t\t\t\t\t\t\t\t\t\t<\/div>\n\t\t\t\t\t<\/div>\n\t\t\t\t\t<\/div>\n\t\t\t\t<\/div>\n\t\t\t\t<div class=\"elementor-element elementor-element-5131e85 elementor-widget elementor-widget-text-editor\" data-id=\"5131e85\" data-element_type=\"widget\" data-e-type=\"widget\" data-widget_type=\"text-editor.default\">\n\t\t\t\t<div class=\"elementor-widget-container\">\n\t\t\t\t\t\t\t\t\t<p>En 2023, Copper RCB SA a obtenu la certification P\u00dcG, End of waste. Cela signifie que notre cuivre devient une mati\u00e8re premi\u00e8re. De par notre activit\u00e9, nous contribuons \u00e0 am\u00e9liorer la qualit\u00e9 du recyclage.<\/p>\t\t\t\t\t\t\t\t<\/div>\n\t\t\t\t<\/div>\n\t\t\t\t<div class=\"elementor-element elementor-element-e151f17 elementor-widget elementor-widget-image\" data-id=\"e151f17\" data-element_type=\"widget\" data-e-type=\"widget\" data-widget_type=\"image.default\">\n\t\t\t\t<div class=\"elementor-widget-container\">\n\t\t\t\t\t\t\t\t\t\t\t\t\t\t\t\t<a href=\"https:\/\/groupe-bader.ch\/wp-content\/uploads\/2024\/01\/certification-cooper.webp\" data-elementor-open-lightbox=\"yes\" data-elementor-lightbox-title=\"certification-cooper\" data-e-action-hash=\"#elementor-action%3Aaction%3Dlightbox%26settings%3DeyJpZCI6NTAyLCJ1cmwiOiJodHRwczpcL1wvZ3JvdXBlLWJhZGVyLmNoXC93cC1jb250ZW50XC91cGxvYWRzXC8yMDI0XC8wMVwvY2VydGlmaWNhdGlvbi1jb29wZXIud2VicCJ9\">\n\t\t\t\t\t\t\t<img decoding=\"async\" width=\"768\" height=\"1085\" src=\"https:\/\/groupe-bader.ch\/wp-content\/uploads\/2024\/01\/certification-cooper-768x1085.webp\" class=\"attachment-medium_large size-medium_large wp-image-502\" alt=\"\" srcset=\"https:\/\/groupe-bader.ch\/wp-content\/uploads\/2024\/01\/certification-cooper-768x1085.webp 768w, https:\/\/groupe-bader.ch\/wp-content\/uploads\/2024\/01\/certification-cooper-212x300.webp 212w, https:\/\/groupe-bader.ch\/wp-content\/uploads\/2024\/01\/certification-cooper-725x1024.webp 725w, https:\/\/groupe-bader.ch\/wp-content\/uploads\/2024\/01\/certification-cooper.webp 909w\" sizes=\"(max-width: 768px) 100vw, 768px\" \/>\t\t\t\t\t\t\t\t<\/a>\n\t\t\t\t\t\t\t\t\t\t\t\t\t\t\t<\/div>\n\t\t\t\t<\/div>\n\t\t\t\t<div class=\"elementor-element elementor-element-54abde6 elementor-widget elementor-widget-text-editor\" data-id=\"54abde6\" data-element_type=\"widget\" data-e-type=\"widget\" data-widget_type=\"text-editor.default\">\n\t\t\t\t<div class=\"elementor-widget-container\">\n\t\t\t\t\t\t\t\t\t<p>Centre de collecte Swico<\/p>\t\t\t\t\t\t\t\t<\/div>\n\t\t\t\t<\/div>\n\t\t\t\t<div class=\"elementor-element elementor-element-d77ff1b elementor-widget elementor-widget-image\" data-id=\"d77ff1b\" data-element_type=\"widget\" data-e-type=\"widget\" data-widget_type=\"image.default\">\n\t\t\t\t<div class=\"elementor-widget-container\">\n\t\t\t\t\t\t\t\t\t\t\t\t\t\t\t\t<a href=\"https:\/\/www.swico.ch\/fr\/\">\n\t\t\t\t\t\t\t<img loading=\"lazy\" decoding=\"async\" width=\"240\" height=\"50\" src=\"https:\/\/groupe-bader.ch\/wp-content\/uploads\/2024\/01\/Group-58.webp\" class=\"attachment-medium_large size-medium_large wp-image-503\" alt=\"\" \/>\t\t\t\t\t\t\t\t<\/a>\n\t\t\t\t\t\t\t\t\t\t\t\t\t\t\t<\/div>\n\t\t\t\t<\/div>\n\t\t\t\t<div class=\"elementor-element elementor-element-83a1232 elementor-widget elementor-widget-text-editor\" data-id=\"83a1232\" data-element_type=\"widget\" data-e-type=\"widget\" data-widget_type=\"text-editor.default\">\n\t\t\t\t<div class=\"elementor-widget-container\">\n\t\t\t\t\t\t\t\t\t<p class=\"m_6919039892650398435u-reset\"><a href=\"https:\/\/www.google.com\/maps\/place\/Swico\/@47.3875266,8.5205008,17z\/data=!3m1!4b1!4m5!3m4!1s0x47900a15546d0589:0xe02982c7b608b8d3!8m2!3d47.3875266!4d8.5226895\" target=\"_blank\" rel=\"noopener\" data-saferedirecturl=\"https:\/\/www.google.com\/url?q=https:\/\/www.google.com\/maps\/place\/Swico\/@47.3875266,8.5205008,17z\/data%3D!3m1!4b1!4m5!3m4!1s0x47900a15546d0589:0xe02982c7b608b8d3!8m2!3d47.3875266!4d8.5226895&amp;source=gmail&amp;ust=1698399023221000&amp;usg=AOvVaw3-5naXzzEb-rlKV5vydKhE\">Lagerstrasse 33<br \/>8004\u00a0Zurich<br \/>Suisse<\/a><u><\/u><u><\/u><\/p><p class=\"m_6919039892650398435u-reset\">+ 41 44 446 90 90<\/p>\t\t\t\t\t\t\t\t<\/div>\n\t\t\t\t<\/div>\n\t\t\t\t<div class=\"elementor-element elementor-element-012c345 elementor-widget elementor-widget-text-editor\" data-id=\"012c345\" data-element_type=\"widget\" data-e-type=\"widget\" data-widget_type=\"text-editor.default\">\n\t\t\t\t<div class=\"elementor-widget-container\">\n\t\t\t\t\t\t\t\t\t<p>Partenaire licence SENS<\/p>\t\t\t\t\t\t\t\t<\/div>\n\t\t\t\t<\/div>\n\t\t\t\t<div class=\"elementor-element elementor-element-baa561a elementor-widget elementor-widget-image\" data-id=\"baa561a\" data-element_type=\"widget\" data-e-type=\"widget\" data-widget_type=\"image.default\">\n\t\t\t\t<div class=\"elementor-widget-container\">\n\t\t\t\t\t\t\t\t\t\t\t\t\t\t\t<img loading=\"lazy\" decoding=\"async\" width=\"799\" height=\"397\" src=\"https:\/\/groupe-bader.ch\/wp-content\/uploads\/2025\/07\/Logo-sans-fond-3.png\" class=\"attachment-large size-large wp-image-4190\" alt=\"\" srcset=\"https:\/\/groupe-bader.ch\/wp-content\/uploads\/2025\/07\/Logo-sans-fond-3.png 799w, https:\/\/groupe-bader.ch\/wp-content\/uploads\/2025\/07\/Logo-sans-fond-3-300x149.png 300w, https:\/\/groupe-bader.ch\/wp-content\/uploads\/2025\/07\/Logo-sans-fond-3-768x382.png 768w, https:\/\/groupe-bader.ch\/wp-content\/uploads\/2025\/07\/Logo-sans-fond-3-18x9.png 18w\" sizes=\"(max-width: 799px) 100vw, 799px\" \/>\t\t\t\t\t\t\t\t\t\t\t\t\t\t\t<\/div>\n\t\t\t\t<\/div>\n\t\t\t\t\t<\/div>\n\t\t\t\t<\/div>\n\t\t<div class=\"elementor-element elementor-element-55b28a3 e-flex e-con-boxed e-con e-parent\" data-id=\"55b28a3\" data-element_type=\"container\" data-e-type=\"container\">\n\t\t\t\t\t<div class=\"e-con-inner\">\n\t\t\t\t<div class=\"elementor-element elementor-element-3f3bcef elementor-widget elementor-widget-image\" data-id=\"3f3bcef\" data-element_type=\"widget\" data-e-type=\"widget\" data-widget_type=\"image.default\">\n\t\t\t\t<div class=\"elementor-widget-container\">\n\t\t\t\t\t\t\t\t\t\t\t\t\t\t\t<img loading=\"lazy\" decoding=\"async\" width=\"768\" height=\"543\" src=\"https:\/\/groupe-bader.ch\/wp-content\/uploads\/2025\/07\/Certification-AI-768x543.jpg\" class=\"attachment-medium_large size-medium_large wp-image-4215\" alt=\"\" srcset=\"https:\/\/groupe-bader.ch\/wp-content\/uploads\/2025\/07\/Certification-AI-768x543.jpg 768w, https:\/\/groupe-bader.ch\/wp-content\/uploads\/2025\/07\/Certification-AI-300x212.jpg 300w, https:\/\/groupe-bader.ch\/wp-content\/uploads\/2025\/07\/Certification-AI-1024x724.jpg 1024w, https:\/\/groupe-bader.ch\/wp-content\/uploads\/2025\/07\/Certification-AI-1536x1085.jpg 1536w, https:\/\/groupe-bader.ch\/wp-content\/uploads\/2025\/07\/Certification-AI-18x12.jpg 18w, https:\/\/groupe-bader.ch\/wp-content\/uploads\/2025\/07\/Certification-AI.jpg 1755w\" sizes=\"(max-width: 768px) 100vw, 768px\" \/>\t\t\t\t\t\t\t\t\t\t\t\t\t\t\t<\/div>\n\t\t\t\t<\/div>\n\t\t\t\t<div class=\"elementor-element elementor-element-ca68695 elementor-widget elementor-widget-image\" data-id=\"ca68695\" data-element_type=\"widget\" data-e-type=\"widget\" data-widget_type=\"image.default\">\n\t\t\t\t<div class=\"elementor-widget-container\">\n\t\t\t\t\t\t\t\t\t\t\t\t\t\t\t<img loading=\"lazy\" decoding=\"async\" width=\"768\" height=\"541\" src=\"https:\/\/groupe-bader.ch\/wp-content\/uploads\/2026\/02\/Entreprise-partenaire_2025-2026_page-0001-768x541.jpg\" class=\"attachment-medium_large size-medium_large wp-image-4697\" alt=\"\" srcset=\"https:\/\/groupe-bader.ch\/wp-content\/uploads\/2026\/02\/Entreprise-partenaire_2025-2026_page-0001-768x541.jpg 768w, https:\/\/groupe-bader.ch\/wp-content\/uploads\/2026\/02\/Entreprise-partenaire_2025-2026_page-0001-300x211.jpg 300w, https:\/\/groupe-bader.ch\/wp-content\/uploads\/2026\/02\/Entreprise-partenaire_2025-2026_page-0001-1024x722.jpg 1024w, https:\/\/groupe-bader.ch\/wp-content\/uploads\/2026\/02\/Entreprise-partenaire_2025-2026_page-0001-18x12.jpg 18w, https:\/\/groupe-bader.ch\/wp-content\/uploads\/2026\/02\/Entreprise-partenaire_2025-2026_page-0001.jpg 1240w\" sizes=\"(max-width: 768px) 100vw, 768px\" \/>\t\t\t\t\t\t\t\t\t\t\t\t\t\t\t<\/div>\n\t\t\t\t<\/div>\n\t\t\t\t<div class=\"elementor-element elementor-element-e366143 elementor-widget elementor-widget-image\" data-id=\"e366143\" data-element_type=\"widget\" data-e-type=\"widget\" data-widget_type=\"image.default\">\n\t\t\t\t<div class=\"elementor-widget-container\">\n\t\t\t\t\t\t\t\t\t\t\t\t\t\t\t<img loading=\"lazy\" decoding=\"async\" width=\"768\" height=\"1087\" src=\"https:\/\/groupe-bader.ch\/wp-content\/uploads\/2026\/02\/Adhesion-Recycling-Suisse_page-0001-768x1087.jpg\" class=\"attachment-medium_large size-medium_large wp-image-4698\" alt=\"\" srcset=\"https:\/\/groupe-bader.ch\/wp-content\/uploads\/2026\/02\/Adhesion-Recycling-Suisse_page-0001-768x1087.jpg 768w, https:\/\/groupe-bader.ch\/wp-content\/uploads\/2026\/02\/Adhesion-Recycling-Suisse_page-0001-212x300.jpg 212w, https:\/\/groupe-bader.ch\/wp-content\/uploads\/2026\/02\/Adhesion-Recycling-Suisse_page-0001-724x1024.jpg 724w, https:\/\/groupe-bader.ch\/wp-content\/uploads\/2026\/02\/Adhesion-Recycling-Suisse_page-0001-1085x1536.jpg 1085w, https:\/\/groupe-bader.ch\/wp-content\/uploads\/2026\/02\/Adhesion-Recycling-Suisse_page-0001-8x12.jpg 8w, https:\/\/groupe-bader.ch\/wp-content\/uploads\/2026\/02\/Adhesion-Recycling-Suisse_page-0001.jpg 1240w\" sizes=\"(max-width: 768px) 100vw, 768px\" \/>\t\t\t\t\t\t\t\t\t\t\t\t\t\t\t<\/div>\n\t\t\t\t<\/div>\n\t\t\t\t\t<\/div>\n\t\t\t\t<\/div>\n\t\t\t\t<\/div>\n\t\t","protected":false},"excerpt":{"rendered":"<p>Le groupe Metabader SA a son si\u00e8ge social \u00e0 Le Mont-sur-Lausanne, est actif et est active dans le domaine \u00abRecycling\u00bb. 1 of 1 &#171; Previous Next &#187; Nos valeurs Au Groupe Bader SA, nous croyons en un avenir durable et responsable. Fond\u00e9e sur des valeurs solides, notre entreprise s\u2019est engag\u00e9e \u00e0 devenir un leader incontest\u00e9 [&hellip;]<\/p>\n","protected":false},"author":4,"featured_media":0,"parent":0,"menu_order":0,"comment_status":"closed","ping_status":"closed","template":"","meta":{"_acf_changed":false,"site-sidebar-layout":"no-sidebar","site-content-layout":"page-builder","ast-site-content-layout":"full-width-container","site-content-style":"default","site-sidebar-style":"default","ast-global-header-display":"","ast-banner-title-visibility":"","ast-main-header-display":"","ast-hfb-above-header-display":"","ast-hfb-below-header-display":"","ast-hfb-mobile-header-display":"","site-post-title":"disabled","ast-breadcrumbs-content":"","ast-featured-img":"disabled","footer-sml-layout":"","ast-disable-related-posts":"","theme-transparent-header-meta":"enabled","adv-header-id-meta":"","stick-header-meta":"","header-above-stick-meta":"","header-main-stick-meta":"","header-below-stick-meta":"","astra-migrate-meta-layouts":"set","ast-page-background-enabled":"default","ast-page-background-meta":{"desktop":{"background-color":"var(--ast-global-color-4)","background-image":"","background-repeat":"repeat","background-position":"center center","background-size":"auto","background-attachment":"scroll","background-type":"","background-media":"","overlay-type":"","overlay-color":"","overlay-opacity":"","overlay-gradient":""},"tablet":{"background-color":"","background-image":"","background-repeat":"repeat","background-position":"center center","background-size":"auto","background-attachment":"scroll","background-type":"","background-media":"","overlay-type":"","overlay-color":"","overlay-opacity":"","overlay-gradient":""},"mobile":{"background-color":"","background-image":"","background-repeat":"repeat","background-position":"center center","background-size":"auto","background-attachment":"scroll","background-type":"","background-media":"","overlay-type":"","overlay-color":"","overlay-opacity":"","overlay-gradient":""}},"ast-content-background-meta":{"desktop":{"background-color":"var(--ast-global-color-5)","background-image":"","background-repeat":"repeat","background-position":"center center","background-size":"auto","background-attachment":"scroll","background-type":"","background-media":"","overlay-type":"","overlay-color":"","overlay-opacity":"","overlay-gradient":""},"tablet":{"background-color":"var(--ast-global-color-5)","background-image":"","background-repeat":"repeat","background-position":"center center","background-size":"auto","background-attachment":"scroll","background-type":"","background-media":"","overlay-type":"","overlay-color":"","overlay-opacity":"","overlay-gradient":""},"mobile":{"background-color":"var(--ast-global-color-5)","background-image":"","background-repeat":"repeat","background-position":"center center","background-size":"auto","background-attachment":"scroll","background-type":"","background-media":"","overlay-type":"","overlay-color":"","overlay-opacity":"","overlay-gradient":""}},"footnotes":""},"class_list":["post-387","page","type-page","status-publish","hentry"],"acf":[],"yoast_head":"<!-- This site is optimized with the Yoast SEO plugin v27.5 - https:\/\/yoast.com\/product\/yoast-seo-wordpress\/ -->\n<title>Groupe Bader SA - Expert en recyclage et revalorisation de mati\u00e8res et transports<\/title>\n<meta name=\"description\" content=\"Groupe Bader SA, situ\u00e9 au Mont-sur-Lausanne, est sp\u00e9cialis\u00e9 dans le recyclage, la revalorisation de mati\u00e8res et les transports.\" \/>\n<meta name=\"robots\" content=\"index, follow, max-snippet:-1, max-image-preview:large, max-video-preview:-1\" \/>\n<link rel=\"canonical\" href=\"https:\/\/groupe-bader.ch\/it\/le-groupe\/\" \/>\n<meta property=\"og:locale\" content=\"it_IT\" \/>\n<meta property=\"og:type\" content=\"article\" \/>\n<meta property=\"og:title\" content=\"Groupe Bader SA - Expert en recyclage et revalorisation de mati\u00e8res et transports\" \/>\n<meta property=\"og:description\" content=\"Groupe Bader SA, situ\u00e9 au Mont-sur-Lausanne, est sp\u00e9cialis\u00e9 dans le recyclage, la revalorisation de mati\u00e8res et les transports.\" \/>\n<meta property=\"og:url\" content=\"https:\/\/groupe-bader.ch\/it\/le-groupe\/\" \/>\n<meta property=\"og:site_name\" content=\"Groupe Bader SA\" \/>\n<meta property=\"article:modified_time\" content=\"2026-02-18T15:17:38+00:00\" \/>\n<meta property=\"og:image\" content=\"https:\/\/groupe-bader.ch\/wp-content\/uploads\/2026\/01\/Groupe-Bader_Site-4.png\" \/>\n\t<meta property=\"og:image:width\" content=\"945\" \/>\n\t<meta property=\"og:image:height\" content=\"591\" \/>\n\t<meta property=\"og:image:type\" content=\"image\/png\" \/>\n<meta name=\"twitter:card\" content=\"summary_large_image\" \/>\n<meta name=\"twitter:label1\" content=\"Tempo di lettura stimato\" \/>\n\t<meta name=\"twitter:data1\" content=\"4 minuti\" \/>\n<script type=\"application\/ld+json\" class=\"yoast-schema-graph\">{\"@context\":\"https:\\\/\\\/schema.org\",\"@graph\":[{\"@type\":\"WebPage\",\"@id\":\"https:\\\/\\\/groupe-bader.ch\\\/le-groupe\\\/\",\"url\":\"https:\\\/\\\/groupe-bader.ch\\\/le-groupe\\\/\",\"name\":\"Groupe Bader SA - Expert en recyclage et revalorisation de mati\u00e8res et transports\",\"isPartOf\":{\"@id\":\"https:\\\/\\\/groupe-bader.ch\\\/#website\"},\"primaryImageOfPage\":{\"@id\":\"https:\\\/\\\/groupe-bader.ch\\\/le-groupe\\\/#primaryimage\"},\"image\":{\"@id\":\"https:\\\/\\\/groupe-bader.ch\\\/le-groupe\\\/#primaryimage\"},\"thumbnailUrl\":\"https:\\\/\\\/groupe-bader.ch\\\/wp-content\\\/uploads\\\/2026\\\/01\\\/Groupe-Bader_Site-4.png\",\"datePublished\":\"2024-01-17T17:47:56+00:00\",\"dateModified\":\"2026-02-18T15:17:38+00:00\",\"description\":\"Groupe Bader SA, situ\u00e9 au Mont-sur-Lausanne, est sp\u00e9cialis\u00e9 dans le recyclage, la revalorisation de mati\u00e8res et les transports.\",\"breadcrumb\":{\"@id\":\"https:\\\/\\\/groupe-bader.ch\\\/le-groupe\\\/#breadcrumb\"},\"inLanguage\":\"it-IT\",\"potentialAction\":[{\"@type\":\"ReadAction\",\"target\":[\"https:\\\/\\\/groupe-bader.ch\\\/le-groupe\\\/\"]}]},{\"@type\":\"ImageObject\",\"inLanguage\":\"it-IT\",\"@id\":\"https:\\\/\\\/groupe-bader.ch\\\/le-groupe\\\/#primaryimage\",\"url\":\"https:\\\/\\\/groupe-bader.ch\\\/wp-content\\\/uploads\\\/2026\\\/01\\\/Groupe-Bader_Site-4.png\",\"contentUrl\":\"https:\\\/\\\/groupe-bader.ch\\\/wp-content\\\/uploads\\\/2026\\\/01\\\/Groupe-Bader_Site-4.png\"},{\"@type\":\"BreadcrumbList\",\"@id\":\"https:\\\/\\\/groupe-bader.ch\\\/le-groupe\\\/#breadcrumb\",\"itemListElement\":[{\"@type\":\"ListItem\",\"position\":1,\"name\":\"Accueil\",\"item\":\"https:\\\/\\\/groupe-bader.ch\\\/\"},{\"@type\":\"ListItem\",\"position\":2,\"name\":\"Le Groupe\"}]},{\"@type\":\"WebSite\",\"@id\":\"https:\\\/\\\/groupe-bader.ch\\\/#website\",\"url\":\"https:\\\/\\\/groupe-bader.ch\\\/\",\"name\":\"Groupe Bader SA\",\"description\":\"\",\"publisher\":{\"@id\":\"https:\\\/\\\/groupe-bader.ch\\\/#organization\"},\"potentialAction\":[{\"@type\":\"SearchAction\",\"target\":{\"@type\":\"EntryPoint\",\"urlTemplate\":\"https:\\\/\\\/groupe-bader.ch\\\/?s={search_term_string}\"},\"query-input\":{\"@type\":\"PropertyValueSpecification\",\"valueRequired\":true,\"valueName\":\"search_term_string\"}}],\"inLanguage\":\"it-IT\"},{\"@type\":\"Organization\",\"@id\":\"https:\\\/\\\/groupe-bader.ch\\\/#organization\",\"name\":\"Groupe Bader SA\",\"url\":\"https:\\\/\\\/groupe-bader.ch\\\/\",\"logo\":{\"@type\":\"ImageObject\",\"inLanguage\":\"it-IT\",\"@id\":\"https:\\\/\\\/groupe-bader.ch\\\/#\\\/schema\\\/logo\\\/image\\\/\",\"url\":\"https:\\\/\\\/groupe-bader.ch\\\/wp-content\\\/uploads\\\/2024\\\/02\\\/logo_blanc.svg\",\"contentUrl\":\"https:\\\/\\\/groupe-bader.ch\\\/wp-content\\\/uploads\\\/2024\\\/02\\\/logo_blanc.svg\",\"caption\":\"Groupe Bader SA\"},\"image\":{\"@id\":\"https:\\\/\\\/groupe-bader.ch\\\/#\\\/schema\\\/logo\\\/image\\\/\"}}]}<\/script>\n<!-- \/ Yoast SEO plugin. -->","yoast_head_json":{"title":"Groupe Bader SA - Expert en recyclage et revalorisation de mati\u00e8res et transports","description":"Groupe Bader SA, situ\u00e9 au Mont-sur-Lausanne, est sp\u00e9cialis\u00e9 dans le recyclage, la revalorisation de mati\u00e8res et les transports.","robots":{"index":"index","follow":"follow","max-snippet":"max-snippet:-1","max-image-preview":"max-image-preview:large","max-video-preview":"max-video-preview:-1"},"canonical":"https:\/\/groupe-bader.ch\/it\/le-groupe\/","og_locale":"it_IT","og_type":"article","og_title":"Groupe Bader SA - Expert en recyclage et revalorisation de mati\u00e8res et transports","og_description":"Groupe Bader SA, situ\u00e9 au Mont-sur-Lausanne, est sp\u00e9cialis\u00e9 dans le recyclage, la revalorisation de mati\u00e8res et les transports.","og_url":"https:\/\/groupe-bader.ch\/it\/le-groupe\/","og_site_name":"Groupe Bader SA","article_modified_time":"2026-02-18T15:17:38+00:00","og_image":[{"width":945,"height":591,"url":"https:\/\/groupe-bader.ch\/wp-content\/uploads\/2026\/01\/Groupe-Bader_Site-4.png","type":"image\/png"}],"twitter_card":"summary_large_image","twitter_misc":{"Tempo di lettura stimato":"4 minuti"},"schema":{"@context":"https:\/\/schema.org","@graph":[{"@type":"WebPage","@id":"https:\/\/groupe-bader.ch\/le-groupe\/","url":"https:\/\/groupe-bader.ch\/le-groupe\/","name":"Groupe Bader SA - Expert en recyclage et revalorisation de mati\u00e8res et transports","isPartOf":{"@id":"https:\/\/groupe-bader.ch\/#website"},"primaryImageOfPage":{"@id":"https:\/\/groupe-bader.ch\/le-groupe\/#primaryimage"},"image":{"@id":"https:\/\/groupe-bader.ch\/le-groupe\/#primaryimage"},"thumbnailUrl":"https:\/\/groupe-bader.ch\/wp-content\/uploads\/2026\/01\/Groupe-Bader_Site-4.png","datePublished":"2024-01-17T17:47:56+00:00","dateModified":"2026-02-18T15:17:38+00:00","description":"Groupe Bader SA, situ\u00e9 au Mont-sur-Lausanne, est sp\u00e9cialis\u00e9 dans le recyclage, la revalorisation de mati\u00e8res et les transports.","breadcrumb":{"@id":"https:\/\/groupe-bader.ch\/le-groupe\/#breadcrumb"},"inLanguage":"it-IT","potentialAction":[{"@type":"ReadAction","target":["https:\/\/groupe-bader.ch\/le-groupe\/"]}]},{"@type":"ImageObject","inLanguage":"it-IT","@id":"https:\/\/groupe-bader.ch\/le-groupe\/#primaryimage","url":"https:\/\/groupe-bader.ch\/wp-content\/uploads\/2026\/01\/Groupe-Bader_Site-4.png","contentUrl":"https:\/\/groupe-bader.ch\/wp-content\/uploads\/2026\/01\/Groupe-Bader_Site-4.png"},{"@type":"BreadcrumbList","@id":"https:\/\/groupe-bader.ch\/le-groupe\/#breadcrumb","itemListElement":[{"@type":"ListItem","position":1,"name":"Accueil","item":"https:\/\/groupe-bader.ch\/"},{"@type":"ListItem","position":2,"name":"Le Groupe"}]},{"@type":"WebSite","@id":"https:\/\/groupe-bader.ch\/#website","url":"https:\/\/groupe-bader.ch\/","name":"Gruppo Bader SA","description":"","publisher":{"@id":"https:\/\/groupe-bader.ch\/#organization"},"potentialAction":[{"@type":"SearchAction","target":{"@type":"EntryPoint","urlTemplate":"https:\/\/groupe-bader.ch\/?s={search_term_string}"},"query-input":{"@type":"PropertyValueSpecification","valueRequired":true,"valueName":"search_term_string"}}],"inLanguage":"it-IT"},{"@type":"Organization","@id":"https:\/\/groupe-bader.ch\/#organization","name":"Gruppo Bader SA","url":"https:\/\/groupe-bader.ch\/","logo":{"@type":"ImageObject","inLanguage":"it-IT","@id":"https:\/\/groupe-bader.ch\/#\/schema\/logo\/image\/","url":"https:\/\/groupe-bader.ch\/wp-content\/uploads\/2024\/02\/logo_blanc.svg","contentUrl":"https:\/\/groupe-bader.ch\/wp-content\/uploads\/2024\/02\/logo_blanc.svg","caption":"Groupe Bader SA"},"image":{"@id":"https:\/\/groupe-bader.ch\/#\/schema\/logo\/image\/"}}]}},"_links":{"self":[{"href":"https:\/\/groupe-bader.ch\/it\/wp-json\/wp\/v2\/pages\/387","targetHints":{"allow":["GET"]}}],"collection":[{"href":"https:\/\/groupe-bader.ch\/it\/wp-json\/wp\/v2\/pages"}],"about":[{"href":"https:\/\/groupe-bader.ch\/it\/wp-json\/wp\/v2\/types\/page"}],"author":[{"embeddable":true,"href":"https:\/\/groupe-bader.ch\/it\/wp-json\/wp\/v2\/users\/4"}],"replies":[{"embeddable":true,"href":"https:\/\/groupe-bader.ch\/it\/wp-json\/wp\/v2\/comments?post=387"}],"version-history":[{"count":155,"href":"https:\/\/groupe-bader.ch\/it\/wp-json\/wp\/v2\/pages\/387\/revisions"}],"predecessor-version":[{"id":4705,"href":"https:\/\/groupe-bader.ch\/it\/wp-json\/wp\/v2\/pages\/387\/revisions\/4705"}],"wp:attachment":[{"href":"https:\/\/groupe-bader.ch\/it\/wp-json\/wp\/v2\/media?parent=387"}],"curies":[{"name":"wp","href":"https:\/\/api.w.org\/{rel}","templated":true}]}}